{"id":22884,"date":"2025-01-12T17:59:46","date_gmt":"2025-01-12T16:59:46","guid":{"rendered":"https:\/\/www.profartspla.site\/wordpress\/?post_type=glossary&#038;p=22884"},"modified":"2025-01-12T18:27:12","modified_gmt":"2025-01-12T17:27:12","slug":"grisaille","status":"publish","type":"glossary","link":"https:\/\/www.profartspla.site\/wordpress\/Dictionnaire\/grisaille\/","title":{"rendered":"Grisaille"},"content":{"rendered":"<p class=\"has-text-align-center has-medium-font-size\"><strong><a class=\"glossaryLink\"  aria-describedby=\"tt\"  data-cmtooltip=\"cmtt_cdce8b62857361c0bc6c79eb6ca7befa\"  href=\"https:\/\/www.profartspla.site\/wordpress\/Dictionnaire\/grisaille\/\"  target=\"_blank\"  data-gt-translate-attributes='[{\"attribute\":\"data-cmtooltip\", \"format\":\"html\"}]' tabindex='0' role='link'>Grisaille<\/a><\/strong><\/p>\n\n\n\n<p>La<strong>&nbsp;<a class=\"glossaryLink\"  aria-describedby=\"tt\"  data-cmtooltip=\"cmtt_cdce8b62857361c0bc6c79eb6ca7befa\"  href=\"https:\/\/www.profartspla.site\/wordpress\/Dictionnaire\/grisaille\/\"  target=\"_blank\"  data-gt-translate-attributes='[{\"attribute\":\"data-cmtooltip\", \"format\":\"html\"}]' tabindex='0' role='link'>grisaille<\/a>&nbsp;<\/strong>est l&rsquo;un des types de <a class=\"glossaryLink\"  aria-describedby=\"tt\"  data-cmtooltip=\"cmtt_420a8045c2e10449412dfc9e547b15c0\"  href=\"https:\/\/www.profartspla.site\/wordpress\/Dictionnaire\/peinture\/\"  target=\"_blank\"  data-gt-translate-attributes='[{\"attribute\":\"data-cmtooltip\", \"format\":\"html\"}]' tabindex='0' role='link'>peintures<\/a> utilis&eacute;s dans la <strong>fabrication de&nbsp;<a class=\"glossaryLink\"  aria-describedby=\"tt\"  data-cmtooltip=\"cmtt_1fd80df3930930db24f28ec653a83032\"  href=\"https:\/\/www.profartspla.site\/wordpress\/Dictionnaire\/vitrail-au-plomb\/\"  target=\"_blank\"  data-gt-translate-attributes='[{\"attribute\":\"data-cmtooltip\", \"format\":\"html\"}]' tabindex='0' role='link'>vitraux<\/a> <\/strong>et une <strong>technique picturale en <a class=\"glossaryLink\"  aria-describedby=\"tt\"  data-cmtooltip=\"cmtt_e87d9cc0b728fd20f525ea6a7d8568df\"  href=\"https:\/\/www.profartspla.site\/wordpress\/Dictionnaire\/camaieu\/\"  target=\"_blank\"  data-gt-translate-attributes='[{\"attribute\":\"data-cmtooltip\", \"format\":\"html\"}]' tabindex='0' role='link'>cama&iuml;eu<\/a><\/strong> de tons gris ou ocres-bruns. <\/p>\n\n\n\n<div style=\"height:100px\" aria-hidden=\"true\" class=\"wp-block-spacer\"><\/div>\n\n\n\n<p><strong>Pour le <a class=\"glossaryLink\"  aria-describedby=\"tt\"  data-cmtooltip=\"cmtt_1fd80df3930930db24f28ec653a83032\"  href=\"https:\/\/www.profartspla.site\/wordpress\/Dictionnaire\/vitrail-au-plomb\/\"  target=\"_blank\"  data-gt-translate-attributes='[{\"attribute\":\"data-cmtooltip\", \"format\":\"html\"}]' tabindex='0' role='link'>vitrail<\/a><\/strong>, la nuance color&eacute;e peut varier en fonction de l&rsquo;oxyde m&eacute;tallique utilis&eacute; qui fond lors de la cuisson des pi&egrave;ces en verre peint.<\/p>\n\n\n\n<figure class=\"wp-block-table\"><table class=\"has-fixed-layout\"><tbody><tr><th><strong>Oxydes m&eacute;talliques<\/strong><\/th><th><strong><a class=\"glossaryLink\"  aria-describedby=\"tt\"  data-cmtooltip=\"cmtt_6b346ef57ec30890b94d59dbe156825e\"  href=\"https:\/\/www.profartspla.site\/wordpress\/Dictionnaire\/couleur\/\"  target=\"_blank\"  data-gt-translate-attributes='[{\"attribute\":\"data-cmtooltip\", \"format\":\"html\"}]' tabindex='0' role='link'>Couleurs<\/a> selon le degr&eacute; de calcination<\/strong><\/th><\/tr><tr><td>Sulfate de fer Fe O3<\/td><td>650&deg; rouge orang&eacute;&nbsp;; 710&deg; rouge violet<\/td><\/tr><tr><td>Oxyde fer Fe3 O4<\/td><td>Noir ordinaire<\/td><\/tr><tr><td>Oxyde de <a class=\"glossaryLink\"  aria-describedby=\"tt\"  data-cmtooltip=\"cmtt_eec31f5101979a9bb862f3a4c67900a9\"  href=\"https:\/\/www.profartspla.site\/wordpress\/Dictionnaire\/tube-de-peinture\/\"  target=\"_blank\"  data-gt-translate-attributes='[{\"attribute\":\"data-cmtooltip\", \"format\":\"html\"}]' tabindex='0' role='link'>zinc<\/a> + oxyde de fer hydrat&eacute;<\/td><td>850&deg; brun jaune<\/td><\/tr><tr><td>Aluminate de cobalt<\/td><td>Bleu<\/td><\/tr><tr><td>Oxyde de cobalt + alumine<\/td><td>Blanc<\/td><\/tr><tr><td>Oxyde de chrome + cobalt + alumine ou plomb<\/td><td>Vert<\/td><\/tr><tr><td>Antimoniate de plomb(minium de plomb + oxyde d&rsquo;antimoine)<\/td><td>Jaune ou sable<\/td><\/tr><tr><td>Oxyde d&rsquo;<a class=\"glossaryLink\"  aria-describedby=\"tt\"  data-cmtooltip=\"cmtt_eec31f5101979a9bb862f3a4c67900a9\"  href=\"https:\/\/www.profartspla.site\/wordpress\/Dictionnaire\/tube-de-peinture\/\"  target=\"_blank\"  data-gt-translate-attributes='[{\"attribute\":\"data-cmtooltip\", \"format\":\"html\"}]' tabindex='0' role='link'>&eacute;tain<\/a><\/td><td><a class=\"glossaryLink\"  aria-describedby=\"tt\"  data-cmtooltip=\"cmtt_6b346ef57ec30890b94d59dbe156825e\"  href=\"https:\/\/www.profartspla.site\/wordpress\/Dictionnaire\/couleur\/\"  target=\"_blank\"  data-gt-translate-attributes='[{\"attribute\":\"data-cmtooltip\", \"format\":\"html\"}]' tabindex='0' role='link'>Couleur<\/a> laiteuse, opaline<\/td><\/tr><tr><td>Oxyde de cuivre<\/td><td>Vert, rouge<\/td><\/tr><\/tbody><\/table><\/figure>\n\n\n<div class=\"wp-block-image\">\n<figure class=\"aligncenter size-large\"><a href=\"https:\/\/i0.wp.com\/www.profartspla.site\/wordpress\/wp-content\/uploads\/2025\/01\/Gare-de-Metz-Charlemagne-Vitrail-LR-%C2%A9-French-Moments.jpg?ssl=1\" target=\"_blank\" rel=\" noreferrer noopener\"><img data-recalc-dims=\"1\" loading=\"lazy\" decoding=\"async\" width=\"925\" height=\"618\" src=\"https:\/\/i0.wp.com\/www.profartspla.site\/wordpress\/wp-content\/uploads\/2025\/01\/Gare-de-Metz-Charlemagne-Vitrail-LR-%C2%A9-French-Moments-1024x684.jpg?resize=925%2C618&#038;ssl=1\" alt=\"\" class=\"wp-image-22903\" srcset=\"https:\/\/i0.wp.com\/www.profartspla.site\/wordpress\/wp-content\/uploads\/2025\/01\/Gare-de-Metz-Charlemagne-Vitrail-LR-%C2%A9-French-Moments.jpg?resize=1024%2C684&amp;ssl=1 1024w, https:\/\/i0.wp.com\/www.profartspla.site\/wordpress\/wp-content\/uploads\/2025\/01\/Gare-de-Metz-Charlemagne-Vitrail-LR-%C2%A9-French-Moments.jpg?resize=300%2C201&amp;ssl=1 300w, https:\/\/i0.wp.com\/www.profartspla.site\/wordpress\/wp-content\/uploads\/2025\/01\/Gare-de-Metz-Charlemagne-Vitrail-LR-%C2%A9-French-Moments.jpg?resize=768%2C513&amp;ssl=1 768w, https:\/\/i0.wp.com\/www.profartspla.site\/wordpress\/wp-content\/uploads\/2025\/01\/Gare-de-Metz-Charlemagne-Vitrail-LR-%C2%A9-French-Moments.jpg?resize=90%2C60&amp;ssl=1 90w, https:\/\/i0.wp.com\/www.profartspla.site\/wordpress\/wp-content\/uploads\/2025\/01\/Gare-de-Metz-Charlemagne-Vitrail-LR-%C2%A9-French-Moments.jpg?w=1200&amp;ssl=1 1200w\" sizes=\"auto, (max-width: 925px) 100vw, 925px\"\/><\/a><figcaption class=\"wp-element-caption\"><strong><em><a class=\"glossaryLink\"  aria-describedby=\"tt\"  data-cmtooltip=\"cmtt_1fd80df3930930db24f28ec653a83032\"  href=\"https:\/\/www.profartspla.site\/wordpress\/Dictionnaire\/vitrail-au-plomb\/\"  target=\"_blank\"  data-gt-translate-attributes='[{\"attribute\":\"data-cmtooltip\", \"format\":\"html\"}]' tabindex='0' role='link'>Vitrail<\/a> de Charlemagne<\/em><\/strong>, roi des Francs en 768 et empereur d&rsquo;Occident en 800, dans le <a class=\"glossaryLink\"  aria-describedby=\"tt\"  data-cmtooltip=\"cmtt_6c50a6b5157b6d22be79c6f5647785f7\"  href=\"https:\/\/www.profartspla.site\/wordpress\/Dictionnaire\/salons\/\"  target=\"_blank\"  data-gt-translate-attributes='[{\"attribute\":\"data-cmtooltip\", \"format\":\"html\"}]' tabindex='0' role='link'>salon<\/a> d&rsquo;honneur du <a class=\"glossaryLink\"  aria-describedby=\"tt\"  data-cmtooltip=\"cmtt_6c50a6b5157b6d22be79c6f5647785f7\"  href=\"https:\/\/www.profartspla.site\/wordpress\/Dictionnaire\/salons\/\"  target=\"_blank\"  data-gt-translate-attributes='[{\"attribute\":\"data-cmtooltip\", \"format\":\"html\"}]' tabindex='0' role='link'>salon<\/a> Charlemagne de la gare de Metz, vaste salle d&rsquo;apparat destin&eacute;e &agrave; Guillaume II. <a class=\"glossaryLink\"  aria-describedby=\"tt\"  data-cmtooltip=\"cmtt_cdce8b62857361c0bc6c79eb6ca7befa\"  href=\"https:\/\/www.profartspla.site\/wordpress\/Dictionnaire\/grisaille\/\"  target=\"_blank\"  data-gt-translate-attributes='[{\"attribute\":\"data-cmtooltip\", \"format\":\"html\"}]' tabindex='0' role='link'>Grisaille<\/a> avec <a class=\"glossaryLink\"  aria-describedby=\"tt\"  data-cmtooltip=\"cmtt_895d4fbe3c3543381d766e0d740f82db\"  href=\"https:\/\/www.profartspla.site\/wordpress\/Dictionnaire\/rehauts\/\"  target=\"_blank\"  data-gt-translate-attributes='[{\"attribute\":\"data-cmtooltip\", \"format\":\"html\"}]' tabindex='0' role='link'>rehauts<\/a> color&eacute;s.<\/figcaption><\/figure>\n<\/div>\n\n\n<div style=\"height:100px\" aria-hidden=\"true\" class=\"wp-block-spacer\"><\/div>\n\n\n\n<p><strong>Pour la <a class=\"glossaryLink\"  aria-describedby=\"tt\"  data-cmtooltip=\"cmtt_420a8045c2e10449412dfc9e547b15c0\"  href=\"https:\/\/www.profartspla.site\/wordpress\/Dictionnaire\/peinture\/\"  target=\"_blank\"  data-gt-translate-attributes='[{\"attribute\":\"data-cmtooltip\", \"format\":\"html\"}]' tabindex='0' role='link'>peinture<\/a> et la miniature,<\/strong> la <a class=\"glossaryLink\"  aria-describedby=\"tt\"  data-cmtooltip=\"cmtt_cdce8b62857361c0bc6c79eb6ca7befa\"  href=\"https:\/\/www.profartspla.site\/wordpress\/Dictionnaire\/grisaille\/\"  target=\"_blank\"  data-gt-translate-attributes='[{\"attribute\":\"data-cmtooltip\", \"format\":\"html\"}]' tabindex='0' role='link'>grisaille<\/a> repose sur des nuances d&rsquo;une m&ecirc;me <a class=\"glossaryLink\"  aria-describedby=\"tt\"  data-cmtooltip=\"cmtt_6b346ef57ec30890b94d59dbe156825e\"  href=\"https:\/\/www.profartspla.site\/wordpress\/Dictionnaire\/couleur\/\"  target=\"_blank\"  data-gt-translate-attributes='[{\"attribute\":\"data-cmtooltip\", \"format\":\"html\"}]' tabindex='0' role='link'>couleur<\/a> afin d&rsquo;imiter le <a class=\"glossaryLink\"  aria-describedby=\"tt\"  data-cmtooltip=\"cmtt_deab1a71c21890d75a68387d868dc86d\"  href=\"https:\/\/www.profartspla.site\/wordpress\/Dictionnaire\/marbre\/\"  target=\"_blank\"  data-gt-translate-attributes='[{\"attribute\":\"data-cmtooltip\", \"format\":\"html\"}]' tabindex='0' role='link'>marbre<\/a>, la pierre, le <a class=\"glossaryLink\"  aria-describedby=\"tt\"  data-cmtooltip=\"cmtt_f8ab7b13f05c0ac208d5a2a714b602e2\"  href=\"https:\/\/www.profartspla.site\/wordpress\/Dictionnaire\/bronze\/\"  target=\"_blank\"  data-gt-translate-attributes='[{\"attribute\":\"data-cmtooltip\", \"format\":\"html\"}]' tabindex='0' role='link'>bronze<\/a>. Elle est donc similaire, par ce principe, au&nbsp;<a class=\"glossaryLink\"  aria-describedby=\"tt\"  data-cmtooltip=\"cmtt_e87d9cc0b728fd20f525ea6a7d8568df\"  href=\"https:\/\/www.profartspla.site\/wordpress\/Dictionnaire\/camaieu\/\"  target=\"_blank\"  data-gt-translate-attributes='[{\"attribute\":\"data-cmtooltip\", \"format\":\"html\"}]' tabindex='0' role='link'>cama&iuml;eu<\/a>, dans sa variante de tons nuanc&eacute;s (plus clairs, plus fonc&eacute;s) d&rsquo;une m&ecirc;me <a class=\"glossaryLink\"  aria-describedby=\"tt\"  data-cmtooltip=\"cmtt_6b346ef57ec30890b94d59dbe156825e\"  href=\"https:\/\/www.profartspla.site\/wordpress\/Dictionnaire\/couleur\/\"  target=\"_blank\"  data-gt-translate-attributes='[{\"attribute\":\"data-cmtooltip\", \"format\":\"html\"}]' tabindex='0' role='link'>couleur<\/a>.<\/p>\n\n\n\n<div class=\"wp-block-columns is-layout-flex wp-container-core-columns-is-layout-9d6595d7 wp-block-columns-is-layout-flex\">\n<div class=\"wp-block-column is-layout-flow wp-block-column-is-layout-flow\">\n<p><strong>Jean Le Tavernier<\/strong>, ma&icirc;tre de la <a class=\"glossaryLink\"  aria-describedby=\"tt\"  data-cmtooltip=\"cmtt_cdce8b62857361c0bc6c79eb6ca7befa\"  href=\"https:\/\/www.profartspla.site\/wordpress\/Dictionnaire\/grisaille\/\"  target=\"_blank\"  data-gt-translate-attributes='[{\"attribute\":\"data-cmtooltip\", \"format\":\"html\"}]' tabindex='0' role='link'>grisaille<\/a> flamande, est actif entre 1434 et 1460. En 1458, le duc lui <a class=\"glossaryLink\"  aria-describedby=\"tt\"  data-cmtooltip=\"cmtt_3ffd064ca023e29b6390b27280eb52a2\"  href=\"https:\/\/www.profartspla.site\/wordpress\/Dictionnaire\/commande\/\"  target=\"_blank\"  data-gt-translate-attributes='[{\"attribute\":\"data-cmtooltip\", \"format\":\"html\"}]' tabindex='0' role='link'>commande<\/a> l&rsquo;ex&eacute;cution des miniatures illustrant les&nbsp;<em>Conqu&ecirc;tes et chroniques de Charlemagne<\/em>, une compilation par David Aubert. C&rsquo;est dans ce manuscrit que Le Tavernier porte la technique &agrave; la perfection&nbsp;: il r&eacute;alise en moins de deux ans 75 miniatures pour les deux volumes du manuscrit.<\/p>\n<\/div>\n\n\n\n<div class=\"wp-block-column is-layout-flow wp-block-column-is-layout-flow\"><div class=\"wp-block-image\">\n<figure class=\"aligncenter size-large\"><a href=\"https:\/\/i0.wp.com\/www.profartspla.site\/wordpress\/wp-content\/uploads\/2025\/01\/grisaille-scaled.jpg?ssl=1\" target=\"_blank\" rel=\" noreferrer noopener\"><img data-recalc-dims=\"1\" loading=\"lazy\" decoding=\"async\" width=\"655\" height=\"1024\" src=\"https:\/\/i0.wp.com\/www.profartspla.site\/wordpress\/wp-content\/uploads\/2025\/01\/grisaille.jpg?resize=655%2C1024&#038;ssl=1\" alt=\"\" class=\"wp-image-22891\" srcset=\"https:\/\/i0.wp.com\/www.profartspla.site\/wordpress\/wp-content\/uploads\/2025\/01\/grisaille-scaled.jpg?resize=655%2C1024&amp;ssl=1 655w, https:\/\/i0.wp.com\/www.profartspla.site\/wordpress\/wp-content\/uploads\/2025\/01\/grisaille-scaled.jpg?resize=192%2C300&amp;ssl=1 192w, https:\/\/i0.wp.com\/www.profartspla.site\/wordpress\/wp-content\/uploads\/2025\/01\/grisaille-scaled.jpg?resize=768%2C1201&amp;ssl=1 768w, https:\/\/i0.wp.com\/www.profartspla.site\/wordpress\/wp-content\/uploads\/2025\/01\/grisaille-scaled.jpg?resize=982%2C1536&amp;ssl=1 982w, https:\/\/i0.wp.com\/www.profartspla.site\/wordpress\/wp-content\/uploads\/2025\/01\/grisaille-scaled.jpg?resize=1309%2C2048&amp;ssl=1 1309w, https:\/\/i0.wp.com\/www.profartspla.site\/wordpress\/wp-content\/uploads\/2025\/01\/grisaille-scaled.jpg?resize=38%2C60&amp;ssl=1 38w, https:\/\/i0.wp.com\/www.profartspla.site\/wordpress\/wp-content\/uploads\/2025\/01\/grisaille-scaled.jpg?w=1637&amp;ssl=1 1637w\" sizes=\"auto, (max-width: 655px) 100vw, 655px\"\/><\/a><figcaption class=\"wp-element-caption\"><em><strong>Marsille de Saragosse et Ganelon complotant leur trahison<\/strong><\/em><\/figcaption><\/figure>\n<\/div><\/div>\n<\/div>\n\n\n\n<div class=\"wp-block-columns is-layout-flex wp-container-core-columns-is-layout-9d6595d7 wp-block-columns-is-layout-flex\">\n<div class=\"wp-block-column is-layout-flow wp-block-column-is-layout-flow\">\n<p><strong>No&euml;l Bellemare<\/strong> est un <a class=\"glossaryLink\"  aria-describedby=\"tt\"  data-cmtooltip=\"cmtt_420a8045c2e10449412dfc9e547b15c0\"  href=\"https:\/\/www.profartspla.site\/wordpress\/Dictionnaire\/peinture\/\"  target=\"_blank\"  data-gt-translate-attributes='[{\"attribute\":\"data-cmtooltip\", \"format\":\"html\"}]' tabindex='0' role='link'>peintre<\/a> et enlumineur fran&ccedil;ais d&rsquo;origine flamande, actif entre 1512 et 1546, d&rsquo;abord &agrave; Anvers, puis &agrave; Paris &agrave; partir de 1515. On lui attribue des cartons de <a class=\"glossaryLink\"  aria-describedby=\"tt\"  data-cmtooltip=\"cmtt_1fd80df3930930db24f28ec653a83032\"  href=\"https:\/\/www.profartspla.site\/wordpress\/Dictionnaire\/vitrail-au-plomb\/\"  target=\"_blank\"  data-gt-translate-attributes='[{\"attribute\":\"data-cmtooltip\", \"format\":\"html\"}]' tabindex='0' role='link'>vitraux<\/a> ainsi que des miniatures. Une partie de ses enluminures ont &eacute;t&eacute; regroup&eacute;es sous le nom de convention de Ma&icirc;tre des &Eacute;p&icirc;tres Getty, sans doute &agrave; la t&ecirc;te d&rsquo;un <a class=\"glossaryLink\"  aria-describedby=\"tt\"  data-cmtooltip=\"cmtt_dc9581bf40134150b523bd208e1553af\"  href=\"https:\/\/www.profartspla.site\/wordpress\/Dictionnaire\/atelier\/\"  target=\"_blank\"  data-gt-translate-attributes='[{\"attribute\":\"data-cmtooltip\", \"format\":\"html\"}]' tabindex='0' role='link'>atelier<\/a> d&eacute;sign&eacute; par ailleurs sous le nom d&rsquo;<a class=\"glossaryLink\"  aria-describedby=\"tt\"  data-cmtooltip=\"cmtt_dc9581bf40134150b523bd208e1553af\"  href=\"https:\/\/www.profartspla.site\/wordpress\/Dictionnaire\/atelier\/\"  target=\"_blank\"  data-gt-translate-attributes='[{\"attribute\":\"data-cmtooltip\", \"format\":\"html\"}]' tabindex='0' role='link'>Atelier<\/a> des ann&eacute;es 1520.<\/p>\n\n\n\n<p>Ce <a class=\"glossaryLink\"  aria-describedby=\"tt\"  data-cmtooltip=\"cmtt_9de741d1f01c766bdf05c4aa4e596e1b\"  href=\"https:\/\/www.profartspla.site\/wordpress\/Dictionnaire\/diptyque-et-triptyque\/\"  target=\"_blank\"  data-gt-translate-attributes='[{\"attribute\":\"data-cmtooltip\", \"format\":\"html\"}]' tabindex='0' role='link'>diptyque<\/a> recto-verso est expos&eacute; au <a class=\"glossaryLink\"  aria-describedby=\"tt\"  data-cmtooltip=\"cmtt_f50670b0c04e0fa882016c5609c90f50\"  href=\"https:\/\/www.profartspla.site\/wordpress\/Dictionnaire\/musee\/\"  target=\"_blank\"  data-gt-translate-attributes='[{\"attribute\":\"data-cmtooltip\", \"format\":\"html\"}]' tabindex='0' role='link'>Mus&eacute;e<\/a> des Beaux-Arts de Nancy<\/p>\n<\/div>\n\n\n\n<div class=\"wp-block-column is-layout-flow wp-block-column-is-layout-flow\"><div class=\"wp-block-image\">\n<figure class=\"aligncenter size-large\"><a href=\"https:\/\/i0.wp.com\/www.profartspla.site\/wordpress\/wp-content\/uploads\/2025\/01\/WP_20160212_11_45_29_Pro.jpg?ssl=1\" target=\"_blank\" rel=\" noreferrer noopener\"><img data-recalc-dims=\"1\" loading=\"lazy\" decoding=\"async\" width=\"925\" height=\"565\" src=\"https:\/\/i0.wp.com\/www.profartspla.site\/wordpress\/wp-content\/uploads\/2025\/01\/WP_20160212_11_45_29_Pro.jpg?resize=925%2C565&#038;ssl=1\" alt=\"\" class=\"wp-image-22895\" srcset=\"https:\/\/i0.wp.com\/www.profartspla.site\/wordpress\/wp-content\/uploads\/2025\/01\/WP_20160212_11_45_29_Pro.jpg?resize=1024%2C626&amp;ssl=1 1024w, https:\/\/i0.wp.com\/www.profartspla.site\/wordpress\/wp-content\/uploads\/2025\/01\/WP_20160212_11_45_29_Pro.jpg?resize=300%2C184&amp;ssl=1 300w, https:\/\/i0.wp.com\/www.profartspla.site\/wordpress\/wp-content\/uploads\/2025\/01\/WP_20160212_11_45_29_Pro.jpg?resize=768%2C470&amp;ssl=1 768w, https:\/\/i0.wp.com\/www.profartspla.site\/wordpress\/wp-content\/uploads\/2025\/01\/WP_20160212_11_45_29_Pro.jpg?resize=1536%2C940&amp;ssl=1 1536w, https:\/\/i0.wp.com\/www.profartspla.site\/wordpress\/wp-content\/uploads\/2025\/01\/WP_20160212_11_45_29_Pro.jpg?resize=98%2C60&amp;ssl=1 98w, https:\/\/i0.wp.com\/www.profartspla.site\/wordpress\/wp-content\/uploads\/2025\/01\/WP_20160212_11_45_29_Pro.jpg?w=1777&amp;ssl=1 1777w\" sizes=\"auto, (max-width: 925px) 100vw, 925px\"\/><\/a><figcaption class=\"wp-element-caption\"><strong>No&euml;l Bellemare<\/strong> ( attribu&eacute; &agrave;), Anvers, vers 1490 \/ 1495 &ndash; Paris, 1546. <em><strong>La Visitation (verso) <a class=\"glossaryLink\"  aria-describedby=\"tt\"  data-cmtooltip=\"cmtt_085c08dcb4d02183d053f44935fe0a2e\"  href=\"https:\/\/www.profartspla.site\/wordpress\/Dictionnaire\/presentation\/\"  target=\"_blank\"  data-gt-translate-attributes='[{\"attribute\":\"data-cmtooltip\", \"format\":\"html\"}]' tabindex='0' role='link'>Pr&eacute;sentation<\/a> de la Vierge au temple<\/strong><\/em>, fin du XV<sup>&egrave;me<\/sup>, d&eacute;but du XVI<sup>&egrave;me<\/sup> si&egrave;cle, <a class=\"glossaryLink\"  aria-describedby=\"tt\"  data-cmtooltip=\"cmtt_9539e8710c6ddee4000eac9f0c707ff8\"  href=\"https:\/\/www.profartspla.site\/wordpress\/Dictionnaire\/huile\/\"  target=\"_blank\"  data-gt-translate-attributes='[{\"attribute\":\"data-cmtooltip\", \"format\":\"html\"}]' tabindex='0' role='link'>huile<\/a> sur bois, D&eacute;p&ocirc;t du <a class=\"glossaryLink\"  aria-describedby=\"tt\"  data-cmtooltip=\"cmtt_f50670b0c04e0fa882016c5609c90f50\"  href=\"https:\/\/www.profartspla.site\/wordpress\/Dictionnaire\/musee\/\"  target=\"_blank\"  data-gt-translate-attributes='[{\"attribute\":\"data-cmtooltip\", \"format\":\"html\"}]' tabindex='0' role='link'>mus&eacute;e<\/a> du Louvre, 1872, <a class=\"glossaryLink\"  aria-describedby=\"tt\"  data-cmtooltip=\"cmtt_f50670b0c04e0fa882016c5609c90f50\"  href=\"https:\/\/www.profartspla.site\/wordpress\/Dictionnaire\/musee\/\"  target=\"_blank\"  data-gt-translate-attributes='[{\"attribute\":\"data-cmtooltip\", \"format\":\"html\"}]' tabindex='0' role='link'>Mus&eacute;e<\/a> des Beaux-Arts de Nancy<\/figcaption><\/figure>\n<\/div>\n\n<div class=\"wp-block-image\">\n<figure class=\"aligncenter size-large\"><a href=\"https:\/\/i0.wp.com\/www.profartspla.site\/wordpress\/wp-content\/uploads\/2025\/01\/WP_20160212_11_45_55_Pro.jpg?ssl=1\" target=\"_blank\" rel=\" noreferrer noopener\"><img data-recalc-dims=\"1\" loading=\"lazy\" decoding=\"async\" width=\"925\" height=\"565\" src=\"https:\/\/i0.wp.com\/www.profartspla.site\/wordpress\/wp-content\/uploads\/2025\/01\/WP_20160212_11_45_55_Pro.jpg?resize=925%2C565&#038;ssl=1\" alt=\"\" class=\"wp-image-22898\" srcset=\"https:\/\/i0.wp.com\/www.profartspla.site\/wordpress\/wp-content\/uploads\/2025\/01\/WP_20160212_11_45_55_Pro.jpg?resize=1024%2C626&amp;ssl=1 1024w, https:\/\/i0.wp.com\/www.profartspla.site\/wordpress\/wp-content\/uploads\/2025\/01\/WP_20160212_11_45_55_Pro.jpg?resize=300%2C184&amp;ssl=1 300w, https:\/\/i0.wp.com\/www.profartspla.site\/wordpress\/wp-content\/uploads\/2025\/01\/WP_20160212_11_45_55_Pro.jpg?resize=768%2C470&amp;ssl=1 768w, https:\/\/i0.wp.com\/www.profartspla.site\/wordpress\/wp-content\/uploads\/2025\/01\/WP_20160212_11_45_55_Pro.jpg?resize=1536%2C940&amp;ssl=1 1536w, https:\/\/i0.wp.com\/www.profartspla.site\/wordpress\/wp-content\/uploads\/2025\/01\/WP_20160212_11_45_55_Pro.jpg?resize=98%2C60&amp;ssl=1 98w, https:\/\/i0.wp.com\/www.profartspla.site\/wordpress\/wp-content\/uploads\/2025\/01\/WP_20160212_11_45_55_Pro.jpg?w=1741&amp;ssl=1 1741w\" sizes=\"auto, (max-width: 925px) 100vw, 925px\"\/><\/a><figcaption class=\"wp-element-caption\"><strong>No&euml;l Bellemare<\/strong> ( attribu&eacute; &agrave;), Anvers, vers 1490 \/ 1495 &ndash; Paris, 1546. <em><strong>Naissance de la Vierge (recto) La Circoncision<\/strong><\/em>, fin du XV<sup>&egrave;me<\/sup>, d&eacute;but du XVI<sup>&egrave;me<\/sup> si&egrave;cle, <a class=\"glossaryLink\"  aria-describedby=\"tt\"  data-cmtooltip=\"cmtt_9539e8710c6ddee4000eac9f0c707ff8\"  href=\"https:\/\/www.profartspla.site\/wordpress\/Dictionnaire\/huile\/\"  target=\"_blank\"  data-gt-translate-attributes='[{\"attribute\":\"data-cmtooltip\", \"format\":\"html\"}]' tabindex='0' role='link'>huile<\/a> sur bois, D&eacute;p&ocirc;t du <a class=\"glossaryLink\"  aria-describedby=\"tt\"  data-cmtooltip=\"cmtt_f50670b0c04e0fa882016c5609c90f50\"  href=\"https:\/\/www.profartspla.site\/wordpress\/Dictionnaire\/musee\/\"  target=\"_blank\"  data-gt-translate-attributes='[{\"attribute\":\"data-cmtooltip\", \"format\":\"html\"}]' tabindex='0' role='link'>mus&eacute;e<\/a> du Louvre, 1872, <a class=\"glossaryLink\"  aria-describedby=\"tt\"  data-cmtooltip=\"cmtt_f50670b0c04e0fa882016c5609c90f50\"  href=\"https:\/\/www.profartspla.site\/wordpress\/Dictionnaire\/musee\/\"  target=\"_blank\"  data-gt-translate-attributes='[{\"attribute\":\"data-cmtooltip\", \"format\":\"html\"}]' tabindex='0' role='link'>Mus&eacute;e<\/a> des Beaux-Arts de Nancy<\/figcaption><\/figure>\n<\/div><\/div>\n<\/div>\n\n\n\n<p><\/p>\n","protected":false},"excerpt":{"rendered":"<p>Grisaille La\u00a0grisaille\u00a0est l&rsquo;un des types de peintures utilis\u00e9s dans la fabrication de\u00a0vitraux et une technique picturale en cama\u00efeu de tons gris ou ocres-bruns. Pour le vitrail, la nuance color\u00e9e peut varier en fonction de l&rsquo;oxyde m\u00e9tallique utilis\u00e9 qui fond lors de la cuisson des pi\u00e8ces en verre peint. Oxydes m\u00e9talliques Couleurs selon le degr\u00e9 de &hellip; <\/p>\n","protected":false},"author":1,"featured_media":13828,"menu_order":0,"template":"","meta":{"footnotes":""},"class_list":["post-22884","glossary","type-glossary","status-publish","has-post-thumbnail","hentry"],"jetpack_sharing_enabled":true,"_links":{"self":[{"href":"https:\/\/www.profartspla.site\/wordpress\/wp-json\/wp\/v2\/glossary\/22884","targetHints":{"allow":["GET"]}}],"collection":[{"href":"https:\/\/www.profartspla.site\/wordpress\/wp-json\/wp\/v2\/glossary"}],"about":[{"href":"https:\/\/www.profartspla.site\/wordpress\/wp-json\/wp\/v2\/types\/glossary"}],"author":[{"embeddable":true,"href":"https:\/\/www.profartspla.site\/wordpress\/wp-json\/wp\/v2\/users\/1"}],"version-history":[{"count":11,"href":"https:\/\/www.profartspla.site\/wordpress\/wp-json\/wp\/v2\/glossary\/22884\/revisions"}],"predecessor-version":[{"id":22906,"href":"https:\/\/www.profartspla.site\/wordpress\/wp-json\/wp\/v2\/glossary\/22884\/revisions\/22906"}],"wp:featuredmedia":[{"embeddable":true,"href":"https:\/\/www.profartspla.site\/wordpress\/wp-json\/wp\/v2\/media\/13828"}],"wp:attachment":[{"href":"https:\/\/www.profartspla.site\/wordpress\/wp-json\/wp\/v2\/media?parent=22884"}],"curies":[{"name":"wp","href":"https:\/\/api.w.org\/{rel}","templated":true}]}}