{"id":24492,"date":"2025-04-16T18:34:00","date_gmt":"2025-04-16T16:34:00","guid":{"rendered":"https:\/\/www.profartspla.site\/wordpress\/?post_type=glossary&#038;p=24492"},"modified":"2025-04-17T11:02:31","modified_gmt":"2025-04-17T09:02:31","slug":"figuration-narrative","status":"publish","type":"glossary","link":"https:\/\/www.profartspla.site\/wordpress\/Dictionnaire\/figuration-narrative\/","title":{"rendered":"Figuration Narrative"},"content":{"rendered":"<p class=\"has-text-align-center has-medium-font-size\"><strong><a class=\"glossaryLink\" aria-describedby=\"tt\" data-cmtooltip=\"cmtt_30b3afe472d92ba38d9f1337ceef441b\" href=\"https:\/\/www.profartspla.site\/wordpress\/Dictionnaire\/figuration-narrative\/\" target=\"_blank\" data-gt-translate-attributes='[{\"attribute\":\"data-cmtooltip\", \"format\":\"html\"}]' tabindex=\"0\" role=\"link\">Figuration Narrative<\/a><\/strong><\/p>\n\n\n\n<p id=\"viewer-foo\">La <strong><a class=\"glossaryLink\" aria-describedby=\"tt\" data-cmtooltip=\"cmtt_30b3afe472d92ba38d9f1337ceef441b\" href=\"https:\/\/www.profartspla.site\/wordpress\/Dictionnaire\/figuration-narrative\/\" target=\"_blank\" data-gt-translate-attributes='[{\"attribute\":\"data-cmtooltip\", \"format\":\"html\"}]' tabindex=\"0\" role=\"link\">figuration narrative<\/a><\/strong>&nbsp;est un <a class=\"glossaryLink\" aria-describedby=\"tt\" data-cmtooltip=\"cmtt_075271f9760a377663dc35c18b3168d0\" href=\"https:\/\/www.profartspla.site\/wordpress\/Dictionnaire\/mouvement\/\" target=\"_blank\" data-gt-translate-attributes='[{\"attribute\":\"data-cmtooltip\", \"format\":\"html\"}]' tabindex=\"0\" role=\"link\">mouvement<\/a> artistique n&eacute; en France dans les <strong>ann&eacute;es 1960<\/strong>. Les artistes de ce <a class=\"glossaryLink\" aria-describedby=\"tt\" data-cmtooltip=\"cmtt_075271f9760a377663dc35c18b3168d0\" href=\"https:\/\/www.profartspla.site\/wordpress\/Dictionnaire\/mouvement\/\" target=\"_blank\" data-gt-translate-attributes='[{\"attribute\":\"data-cmtooltip\", \"format\":\"html\"}]' tabindex=\"0\" role=\"link\">mouvement<\/a> artistique revendiquent la <a class=\"glossaryLink\" aria-describedby=\"tt\" data-cmtooltip=\"cmtt_e96786b2b6758d47dd8bf32914df6259\" href=\"https:\/\/www.profartspla.site\/wordpress\/Dictionnaire\/figuration\/\" target=\"_blank\" data-gt-translate-attributes='[{\"attribute\":\"data-cmtooltip\", \"format\":\"html\"}]' tabindex=\"0\" role=\"link\">figuration<\/a> traditionnelle, en r&eacute;action &agrave; l&rsquo;<a class=\"glossaryLink\" aria-describedby=\"tt\" data-cmtooltip=\"cmtt_991392f3c93291471a32dc348900b4c9\" href=\"https:\/\/www.profartspla.site\/wordpress\/Dictionnaire\/abstraction-s\/\" target=\"_blank\" data-gt-translate-attributes='[{\"attribute\":\"data-cmtooltip\", \"format\":\"html\"}]' tabindex=\"0\" role=\"link\">abstraction<\/a> dominante de l&rsquo;&eacute;poque et au d&eacute;veloppement de la soci&eacute;t&eacute; de consommation. <strong><a class=\"glossaryLink\" aria-describedby=\"tt\" data-cmtooltip=\"cmtt_9e42b671e5fbb8d9a820704f5e3a6fa7\" href=\"https:\/\/www.profartspla.site\/wordpress\/Dictionnaire\/inspiration\/\" target=\"_blank\" data-gt-translate-attributes='[{\"attribute\":\"data-cmtooltip\", \"format\":\"html\"}]' tabindex=\"0\" role=\"link\">Inspir&eacute;e<\/a> par la culture populaire, la <a class=\"glossaryLink\" aria-describedby=\"tt\" data-cmtooltip=\"cmtt_5c45aae44eb489b548b1c7cbbc92c2b2\" href=\"https:\/\/www.profartspla.site\/wordpress\/Dictionnaire\/bande-dessinee\/\" target=\"_blank\" data-gt-translate-attributes='[{\"attribute\":\"data-cmtooltip\", \"format\":\"html\"}]' tabindex=\"0\" role=\"link\">bande dessin&eacute;e<\/a>, le cin&eacute;ma, et les <a class=\"glossaryLink\" aria-describedby=\"tt\" data-cmtooltip=\"cmtt_2816fe342b1307f6d11191984de6cf69\" href=\"https:\/\/www.profartspla.site\/wordpress\/Dictionnaire\/medium\/\" target=\"_blank\" data-gt-translate-attributes='[{\"attribute\":\"data-cmtooltip\", \"format\":\"html\"}]' tabindex=\"0\" role=\"link\">m&eacute;dias<\/a> de masse, la <a class=\"glossaryLink\" aria-describedby=\"tt\" data-cmtooltip=\"cmtt_30b3afe472d92ba38d9f1337ceef441b\" href=\"https:\/\/www.profartspla.site\/wordpress\/Dictionnaire\/figuration-narrative\/\" target=\"_blank\" data-gt-translate-attributes='[{\"attribute\":\"data-cmtooltip\", \"format\":\"html\"}]' tabindex=\"0\" role=\"link\">figuration narrative<\/a> utilise des images <a class=\"glossaryLink\" aria-describedby=\"tt\" data-cmtooltip=\"cmtt_d247ec03f9eadbcfbd1af92a9dfa55fa\" href=\"https:\/\/www.profartspla.site\/wordpress\/Dictionnaire\/figuratif\/\" target=\"_blank\" data-gt-translate-attributes='[{\"attribute\":\"data-cmtooltip\", \"format\":\"html\"}]' tabindex=\"0\" role=\"link\">figuratives<\/a> et des r&eacute;cits visuels pour critiquer, documenter ou c&eacute;l&eacute;brer les r&eacute;alit&eacute;s contemporaines.<\/strong> Plus qu&rsquo;un simple style ou <a class=\"glossaryLink\" aria-describedby=\"tt\" data-cmtooltip=\"cmtt_075271f9760a377663dc35c18b3168d0\" href=\"https:\/\/www.profartspla.site\/wordpress\/Dictionnaire\/mouvement\/\" target=\"_blank\" data-gt-translate-attributes='[{\"attribute\":\"data-cmtooltip\", \"format\":\"html\"}]' tabindex=\"0\" role=\"link\">mouvement<\/a> artistique, elle s&rsquo;inscrit dans une <a class=\"glossaryLink\" aria-describedby=\"tt\" data-cmtooltip=\"cmtt_e058854322178b584e908ef8a1f996e9\" href=\"https:\/\/www.profartspla.site\/wordpress\/Dictionnaire\/demarche\/\" target=\"_blank\" data-gt-translate-attributes='[{\"attribute\":\"data-cmtooltip\", \"format\":\"html\"}]' tabindex=\"0\" role=\"link\">d&eacute;marche<\/a> engag&eacute;e et souvent critique.<\/p>\n\n\n\n<p>G&eacute;rald Gassiot-Talabot est l&rsquo;&eacute;diteur et critique d&rsquo;art qui a invent&eacute; le concept de &laquo;&nbsp;<a class=\"glossaryLink\" aria-describedby=\"tt\" data-cmtooltip=\"cmtt_30b3afe472d92ba38d9f1337ceef441b\" href=\"https:\/\/www.profartspla.site\/wordpress\/Dictionnaire\/figuration-narrative\/\" target=\"_blank\" data-gt-translate-attributes='[{\"attribute\":\"data-cmtooltip\", \"format\":\"html\"}]' tabindex=\"0\" role=\"link\">figuration narrative<\/a>&nbsp;&raquo;. <\/p>\n\n\n\n<div style=\"height:100px\" aria-hidden=\"true\" class=\"wp-block-spacer\"><\/div>\n\n\n\n<p><strong>Dossier Ressource sur le site du Centre Pompidou Paris : <\/strong><a href=\"https:\/\/mediation.centrepompidou.fr\/education\/ressources\/ENS-figuration-narrative\/ENS-figuration-narrative2.html\" target=\"_blank\" rel=\"noreferrer noopener\">https:\/\/mediation.centrepompidou.fr\/education\/ressources\/ENS-figuration-narrative\/ENS-figuration-narrative2.html<\/a><\/p>\n\n\n\n<div style=\"height:100px\" aria-hidden=\"true\" class=\"wp-block-spacer\"><\/div>\n\n\n<div class=\"lightweight-accordion\"><details><summary class=\"lightweight-accordion-title\"><span>Contexte historique de la <a class=\"glossaryLink\" aria-describedby=\"tt\" data-cmtooltip=\"cmtt_30b3afe472d92ba38d9f1337ceef441b\" href=\"https:\/\/www.profartspla.site\/wordpress\/Dictionnaire\/figuration-narrative\/\" target=\"_blank\" data-gt-translate-attributes='[{\"attribute\":\"data-cmtooltip\", \"format\":\"html\"}]' tabindex=\"0\" role=\"link\">Figuration Narrative<\/a><\/span><\/summary><div class=\"lightweight-accordion-body\">\n\n<p>La <a class=\"glossaryLink\" aria-describedby=\"tt\" data-cmtooltip=\"cmtt_30b3afe472d92ba38d9f1337ceef441b\" href=\"https:\/\/www.profartspla.site\/wordpress\/Dictionnaire\/figuration-narrative\/\" target=\"_blank\" data-gt-translate-attributes='[{\"attribute\":\"data-cmtooltip\", \"format\":\"html\"}]' tabindex=\"0\" role=\"link\">Figuration Narrative<\/a> &eacute;merge dans un contexte marqu&eacute; par des bouleversements culturels, sociaux et politiques. &Agrave; l&rsquo;apr&egrave;s-guerre, l&rsquo;art <a class=\"glossaryLink\" aria-describedby=\"tt\" data-cmtooltip=\"cmtt_991392f3c93291471a32dc348900b4c9\" href=\"https:\/\/www.profartspla.site\/wordpress\/Dictionnaire\/abstraction-s\/\" target=\"_blank\" data-gt-translate-attributes='[{\"attribute\":\"data-cmtooltip\", \"format\":\"html\"}]' tabindex=\"0\" role=\"link\">abstrait<\/a> domine la sc&egrave;ne artistique, incarnant une rupture avec les <a class=\"glossaryLink\" aria-describedby=\"tt\" data-cmtooltip=\"cmtt_ef4e318170cfa53d5caf5db18624a2a5\" href=\"https:\/\/www.profartspla.site\/wordpress\/Dictionnaire\/representation\/\" target=\"_blank\" data-gt-translate-attributes='[{\"attribute\":\"data-cmtooltip\", \"format\":\"html\"}]' tabindex=\"0\" role=\"link\">repr&eacute;sentations<\/a> <a class=\"glossaryLink\" aria-describedby=\"tt\" data-cmtooltip=\"cmtt_d247ec03f9eadbcfbd1af92a9dfa55fa\" href=\"https:\/\/www.profartspla.site\/wordpress\/Dictionnaire\/figuratif\/\" target=\"_blank\" data-gt-translate-attributes='[{\"attribute\":\"data-cmtooltip\", \"format\":\"html\"}]' tabindex=\"0\" role=\"link\">figuratives<\/a> traditionnelles. Cependant, dans les ann&eacute;es 1960, certains artistes cherchent &agrave; renouer avec des formes plus accessibles et &agrave; r&eacute;pondre &agrave; des pr&eacute;occupations contemporaines, telles que la mont&eacute;e en puissance de la soci&eacute;t&eacute; de consommation, les tensions politiques et l&rsquo;influence croissante des <a class=\"glossaryLink\" aria-describedby=\"tt\" data-cmtooltip=\"cmtt_2816fe342b1307f6d11191984de6cf69\" href=\"https:\/\/www.profartspla.site\/wordpress\/Dictionnaire\/medium\/\" target=\"_blank\" data-gt-translate-attributes='[{\"attribute\":\"data-cmtooltip\", \"format\":\"html\"}]' tabindex=\"0\" role=\"link\">m&eacute;dias<\/a>.<\/p>\n\n\n\n<p id=\"viewer-3uab0295\">Ce <a class=\"glossaryLink\" aria-describedby=\"tt\" data-cmtooltip=\"cmtt_075271f9760a377663dc35c18b3168d0\" href=\"https:\/\/www.profartspla.site\/wordpress\/Dictionnaire\/mouvement\/\" target=\"_blank\" data-gt-translate-attributes='[{\"attribute\":\"data-cmtooltip\", \"format\":\"html\"}]' tabindex=\"0\" role=\"link\">mouvement<\/a> s&rsquo;inscrit dans un contexte international qui voit &eacute;merger des courants comme le Pop Art aux &Eacute;tats-Unis. Bien que la <a class=\"glossaryLink\" aria-describedby=\"tt\" data-cmtooltip=\"cmtt_30b3afe472d92ba38d9f1337ceef441b\" href=\"https:\/\/www.profartspla.site\/wordpress\/Dictionnaire\/figuration-narrative\/\" target=\"_blank\" data-gt-translate-attributes='[{\"attribute\":\"data-cmtooltip\", \"format\":\"html\"}]' tabindex=\"0\" role=\"link\">Figuration Narrative<\/a> partage certaines similitudes avec le Pop Art, notamment son int&eacute;r&ecirc;t pour les images populaires, elle s&rsquo;en distingue par son ancrage dans une <a class=\"glossaryLink\" aria-describedby=\"tt\" data-cmtooltip=\"cmtt_e4b2498dc13c927d1fbda182f106da90\" href=\"https:\/\/www.profartspla.site\/wordpress\/Dictionnaire\/narration\/\" target=\"_blank\" data-gt-translate-attributes='[{\"attribute\":\"data-cmtooltip\", \"format\":\"html\"}]' tabindex=\"0\" role=\"link\">narration<\/a> visuelle et son engagement critique.<\/p>\n\n<\/div><\/details><\/div>\n\n<div class=\"lightweight-accordion\"><details><summary class=\"lightweight-accordion-title\"><span>Caract&eacute;ristiques principales de la <a class=\"glossaryLink\" aria-describedby=\"tt\" data-cmtooltip=\"cmtt_30b3afe472d92ba38d9f1337ceef441b\" href=\"https:\/\/www.profartspla.site\/wordpress\/Dictionnaire\/figuration-narrative\/\" target=\"_blank\" data-gt-translate-attributes='[{\"attribute\":\"data-cmtooltip\", \"format\":\"html\"}]' tabindex=\"0\" role=\"link\">Figuration Narrative<\/a><\/span><\/summary><div class=\"lightweight-accordion-body\">\n\n<p><strong>Des images <a class=\"glossaryLink\" aria-describedby=\"tt\" data-cmtooltip=\"cmtt_d247ec03f9eadbcfbd1af92a9dfa55fa\" href=\"https:\/\/www.profartspla.site\/wordpress\/Dictionnaire\/figuratif\/\" target=\"_blank\" data-gt-translate-attributes='[{\"attribute\":\"data-cmtooltip\", \"format\":\"html\"}]' tabindex=\"0\" role=\"link\">figuratives<\/a> et <a class=\"glossaryLink\" aria-describedby=\"tt\" data-cmtooltip=\"cmtt_e4b2498dc13c927d1fbda182f106da90\" href=\"https:\/\/www.profartspla.site\/wordpress\/Dictionnaire\/narration\/\" target=\"_blank\" data-gt-translate-attributes='[{\"attribute\":\"data-cmtooltip\", \"format\":\"html\"}]' tabindex=\"0\" role=\"link\">narratives<\/a><\/strong><\/p>\n\n\n\n<p id=\"viewer-6u0rg301\">La <a class=\"glossaryLink\" aria-describedby=\"tt\" data-cmtooltip=\"cmtt_30b3afe472d92ba38d9f1337ceef441b\" href=\"https:\/\/www.profartspla.site\/wordpress\/Dictionnaire\/figuration-narrative\/\" target=\"_blank\" data-gt-translate-attributes='[{\"attribute\":\"data-cmtooltip\", \"format\":\"html\"}]' tabindex=\"0\" role=\"link\">figuration narrative<\/a> se caract&eacute;rise par son usage d&rsquo;images <a class=\"glossaryLink\" aria-describedby=\"tt\" data-cmtooltip=\"cmtt_d247ec03f9eadbcfbd1af92a9dfa55fa\" href=\"https:\/\/www.profartspla.site\/wordpress\/Dictionnaire\/figuratif\/\" target=\"_blank\" data-gt-translate-attributes='[{\"attribute\":\"data-cmtooltip\", \"format\":\"html\"}]' tabindex=\"0\" role=\"link\">figuratives<\/a>, souvent emprunt&eacute;es &agrave; la culture populaire, comme la <a class=\"glossaryLink\" aria-describedby=\"tt\" data-cmtooltip=\"cmtt_5c45aae44eb489b548b1c7cbbc92c2b2\" href=\"https:\/\/www.profartspla.site\/wordpress\/Dictionnaire\/bande-dessinee\/\" target=\"_blank\" data-gt-translate-attributes='[{\"attribute\":\"data-cmtooltip\", \"format\":\"html\"}]' tabindex=\"0\" role=\"link\">bande dessin&eacute;e<\/a>, la publicit&eacute; ou le cin&eacute;ma. Ces images s&rsquo;organisent g&eacute;n&eacute;ralement autour d&rsquo;une <a class=\"glossaryLink\" aria-describedby=\"tt\" data-cmtooltip=\"cmtt_e4b2498dc13c927d1fbda182f106da90\" href=\"https:\/\/www.profartspla.site\/wordpress\/Dictionnaire\/narration\/\" target=\"_blank\" data-gt-translate-attributes='[{\"attribute\":\"data-cmtooltip\", \"format\":\"html\"}]' tabindex=\"0\" role=\"link\">narration<\/a>, racontant une histoire ou &eacute;voquant une situation pr&eacute;cise.<\/p>\n\n\n\n<div style=\"height:50px\" aria-hidden=\"true\" class=\"wp-block-spacer\"><\/div>\n\n\n\n<p><strong>Une critique de la soci&eacute;t&eacute; contemporaine<\/strong><\/p>\n\n\n\n<p id=\"viewer-n4khw305\">Les &oelig;uvres de la <a class=\"glossaryLink\" aria-describedby=\"tt\" data-cmtooltip=\"cmtt_30b3afe472d92ba38d9f1337ceef441b\" href=\"https:\/\/www.profartspla.site\/wordpress\/Dictionnaire\/figuration-narrative\/\" target=\"_blank\" data-gt-translate-attributes='[{\"attribute\":\"data-cmtooltip\", \"format\":\"html\"}]' tabindex=\"0\" role=\"link\">figuration narrative<\/a> abordent des th&egrave;mes vari&eacute;s, allant de la critique de la soci&eacute;t&eacute; de consommation &agrave; des sujets politiques comme les guerres, les luttes sociales ou les in&eacute;galit&eacute;s. Les artistes utilisent des r&eacute;cits visuels pour questionner les transformations de leur &eacute;poque et mettre en <a class=\"glossaryLink\" aria-describedby=\"tt\" data-cmtooltip=\"cmtt_c229695f5270cd46191083d023c542ab\" href=\"https:\/\/www.profartspla.site\/wordpress\/Dictionnaire\/lumiere\/\" target=\"_blank\" data-gt-translate-attributes='[{\"attribute\":\"data-cmtooltip\", \"format\":\"html\"}]' tabindex=\"0\" role=\"link\">lumi&egrave;re<\/a> les contradictions de la modernit&eacute;.<\/p>\n\n\n\n<div style=\"height:50px\" aria-hidden=\"true\" class=\"wp-block-spacer\"><\/div>\n\n\n\n<p><strong>Un style <a class=\"glossaryLink\" aria-describedby=\"tt\" data-cmtooltip=\"cmtt_9e42b671e5fbb8d9a820704f5e3a6fa7\" href=\"https:\/\/www.profartspla.site\/wordpress\/Dictionnaire\/inspiration\/\" target=\"_blank\" data-gt-translate-attributes='[{\"attribute\":\"data-cmtooltip\", \"format\":\"html\"}]' tabindex=\"0\" role=\"link\">inspir&eacute;<\/a> des <a class=\"glossaryLink\" aria-describedby=\"tt\" data-cmtooltip=\"cmtt_2816fe342b1307f6d11191984de6cf69\" href=\"https:\/\/www.profartspla.site\/wordpress\/Dictionnaire\/medium\/\" target=\"_blank\" data-gt-translate-attributes='[{\"attribute\":\"data-cmtooltip\", \"format\":\"html\"}]' tabindex=\"0\" role=\"link\">m&eacute;dias<\/a> de masse<\/strong><\/p>\n\n\n\n<p id=\"viewer-xtdse309\">La <a class=\"glossaryLink\" aria-describedby=\"tt\" data-cmtooltip=\"cmtt_30b3afe472d92ba38d9f1337ceef441b\" href=\"https:\/\/www.profartspla.site\/wordpress\/Dictionnaire\/figuration-narrative\/\" target=\"_blank\" data-gt-translate-attributes='[{\"attribute\":\"data-cmtooltip\", \"format\":\"html\"}]' tabindex=\"0\" role=\"link\">figuration narrative<\/a> emprunte des codes visuels aux <a class=\"glossaryLink\" aria-describedby=\"tt\" data-cmtooltip=\"cmtt_2816fe342b1307f6d11191984de6cf69\" href=\"https:\/\/www.profartspla.site\/wordpress\/Dictionnaire\/medium\/\" target=\"_blank\" data-gt-translate-attributes='[{\"attribute\":\"data-cmtooltip\", \"format\":\"html\"}]' tabindex=\"0\" role=\"link\">m&eacute;dias<\/a> populaires. On y retrouve des <a class=\"glossaryLink\" aria-describedby=\"tt\" data-cmtooltip=\"cmtt_5288ccb0fa3e979b38a2b1f4479e5ce2\" href=\"https:\/\/www.profartspla.site\/wordpress\/Dictionnaire\/aplat\/\" target=\"_blank\" data-gt-translate-attributes='[{\"attribute\":\"data-cmtooltip\", \"format\":\"html\"}]' tabindex=\"0\" role=\"link\">aplats<\/a> de <a class=\"glossaryLink\" aria-describedby=\"tt\" data-cmtooltip=\"cmtt_6b346ef57ec30890b94d59dbe156825e\" href=\"https:\/\/www.profartspla.site\/wordpress\/Dictionnaire\/couleur\/\" target=\"_blank\" data-gt-translate-attributes='[{\"attribute\":\"data-cmtooltip\", \"format\":\"html\"}]' tabindex=\"0\" role=\"link\">couleurs<\/a> vives, des contours marqu&eacute;s et une <a class=\"glossaryLink\" aria-describedby=\"tt\" data-cmtooltip=\"cmtt_a1d5d66abcb04cdd3bafe66ee6797934\" href=\"https:\/\/www.profartspla.site\/wordpress\/Dictionnaire\/mise-en-scene\/\" target=\"_blank\" data-gt-translate-attributes='[{\"attribute\":\"data-cmtooltip\", \"format\":\"html\"}]' tabindex=\"0\" role=\"link\">mise en sc&egrave;ne<\/a> souvent influenc&eacute;e par les plans cin&eacute;matographiques ou les cases de <a class=\"glossaryLink\" aria-describedby=\"tt\" data-cmtooltip=\"cmtt_5c45aae44eb489b548b1c7cbbc92c2b2\" href=\"https:\/\/www.profartspla.site\/wordpress\/Dictionnaire\/bande-dessinee\/\" target=\"_blank\" data-gt-translate-attributes='[{\"attribute\":\"data-cmtooltip\", \"format\":\"html\"}]' tabindex=\"0\" role=\"link\">bande dessin&eacute;e<\/a>.<\/p>\n\n\n\n<div style=\"height:50px\" aria-hidden=\"true\" class=\"wp-block-spacer\"><\/div>\n\n\n\n<p><strong>Un m&eacute;lange d&rsquo;humour et de gravit&eacute;<\/strong><\/p>\n\n\n\n<p id=\"viewer-wqnzg313\">Bien que certaines &oelig;uvres soient profond&eacute;ment engag&eacute;es, elles int&egrave;grent souvent une dimension ludique ou ironique. Cet &eacute;quilibre entre l&eacute;g&egrave;ret&eacute; et s&eacute;rieux permet d&rsquo;aborder des sujets complexes tout en restant accessibles au grand public.<\/p>\n\n<\/div><\/details><\/div>\n\n<div class=\"lightweight-accordion\"><details><summary class=\"lightweight-accordion-title\"><span>Figures embl&eacute;matiques de la <a class=\"glossaryLink\" aria-describedby=\"tt\" data-cmtooltip=\"cmtt_30b3afe472d92ba38d9f1337ceef441b\" href=\"https:\/\/www.profartspla.site\/wordpress\/Dictionnaire\/figuration-narrative\/\" target=\"_blank\" data-gt-translate-attributes='[{\"attribute\":\"data-cmtooltip\", \"format\":\"html\"}]' tabindex=\"0\" role=\"link\">Figuration Narrative<\/a><\/span><\/summary><div class=\"lightweight-accordion-body\">\n\n<h3 class=\"wp-block-heading\" id=\"viewer-ujwuq321\">G&eacute;rard Fromanger<\/h3>\n\n\n\n<p id=\"viewer-37uo4323\">Connu pour ses &oelig;uvres engag&eacute;es, G&eacute;rard Fromanger utilise des <a class=\"glossaryLink\" aria-describedby=\"tt\" data-cmtooltip=\"cmtt_6b346ef57ec30890b94d59dbe156825e\" href=\"https:\/\/www.profartspla.site\/wordpress\/Dictionnaire\/couleur\/\" target=\"_blank\" data-gt-translate-attributes='[{\"attribute\":\"data-cmtooltip\", \"format\":\"html\"}]' tabindex=\"0\" role=\"link\">couleurs<\/a> &eacute;clatantes et des images simples pour transmettre des messages politiques et sociaux. Ses &oelig;uvres refl&egrave;tent souvent les luttes sociales des ann&eacute;es 1960 et 1970.<\/p>\n\n\n\n<div class=\"wp-block-columns is-layout-flex wp-container-core-columns-is-layout-9d6595d7 wp-block-columns-is-layout-flex\">\n<div class=\"wp-block-column is-layout-flow wp-block-column-is-layout-flow\">\n<figure class=\"wp-block-image size-full\"><img data-recalc-dims=\"1\" loading=\"lazy\" decoding=\"async\" width=\"800\" height=\"528\" src=\"https:\/\/i0.wp.com\/www.profartspla.site\/wordpress\/wp-content\/uploads\/2025\/04\/gerard_fromanger.jpg?resize=800%2C528&#038;ssl=1\" alt=\"\" class=\"wp-image-24506\" srcset=\"https:\/\/i0.wp.com\/www.profartspla.site\/wordpress\/wp-content\/uploads\/2025\/04\/gerard_fromanger.jpg?w=800&amp;ssl=1 800w, https:\/\/i0.wp.com\/www.profartspla.site\/wordpress\/wp-content\/uploads\/2025\/04\/gerard_fromanger.jpg?resize=300%2C198&amp;ssl=1 300w, https:\/\/i0.wp.com\/www.profartspla.site\/wordpress\/wp-content\/uploads\/2025\/04\/gerard_fromanger.jpg?resize=768%2C507&amp;ssl=1 768w, https:\/\/i0.wp.com\/www.profartspla.site\/wordpress\/wp-content\/uploads\/2025\/04\/gerard_fromanger.jpg?resize=91%2C60&amp;ssl=1 91w\" sizes=\"auto, (max-width: 800px) 100vw, 800px\"\/><\/figure>\n\n\n\n\t\t<figure class=\"wp-block-jetpack-videopress jetpack-videopress-player\" style=\"\">\n\t\t\t<div class=\"jetpack-videopress-player__wrapper\"> <div class=\"jetpack-video-wrapper\"><iframe title=\"VideoPress Video Player\" aria-label=\"VideoPress Video Player\" width=\"925\" height=\"520\" src=\"https:\/\/videopress.com\/embed\/SVFoUo5n?cover=1&amp;autoPlay=0&amp;controls=1&amp;loop=0&amp;muted=0&amp;persistVolume=1&amp;playsinline=0&amp;preloadContent=metadata&amp;useAverageColor=1&amp;hd=0\" frameborder=\"0\" allowfullscreen data-resize-to-parent=\"true\" allow=\"clipboard-write\"><\/iframe><script src='https:\/\/v0.wordpress.com\/js\/next\/videopress-iframe.js?m=1739540970'><\/script><\/div><\/div>\n\t\t\t\n\t\t\t\n\t\t<\/figure>\n\t\t<\/div>\n\n\n\n<div class=\"wp-block-column is-layout-flow wp-block-column-is-layout-flow\">\n<p><strong>G&eacute;rard Fromanger,&nbsp;<em>En Chine, &agrave; Hu-Xian Le d&eacute;sir est partout<\/em>, ao&ucirc;t 1974<\/strong>, <a class=\"glossaryLink\"  aria-describedby=\"tt\"  data-cmtooltip=\"cmtt_9539e8710c6ddee4000eac9f0c707ff8\"  href=\"https:\/\/www.profartspla.site\/wordpress\/Dictionnaire\/huile\/\"  target=\"_blank\"  data-gt-translate-attributes='[{\"attribute\":\"data-cmtooltip\", \"format\":\"html\"}]' tabindex='0' role='link'>Huile<\/a> sur <a class=\"glossaryLink\"  aria-describedby=\"tt\"  data-cmtooltip=\"cmtt_e131f1a12f35c0ea911c56cb20015d25\"  href=\"https:\/\/www.profartspla.site\/wordpress\/Dictionnaire\/formats-des-toiles\/\"  target=\"_blank\"  data-gt-translate-attributes='[{\"attribute\":\"data-cmtooltip\", \"format\":\"html\"}]' tabindex='0' role='link'>toile<\/a>, 200 x 300 cm, Centre Pompidou Paris. Achat de l&rsquo;Etat 1975<\/p>\n\n\n\n<p>1- NOTE &laquo;&nbsp;<em>Paysans et paysans-peintres-amateurs &agrave; HU-XIAN, province de SHAN-XI, \/ Chine populaire, le jeudi 20 juin 1974, \/ devant la porte de l&rsquo;<a class=\"glossaryLink\" aria-describedby=\"tt\" data-cmtooltip=\"cmtt_00e1dcd087643be50967bd2050b29be5\" href=\"https:\/\/www.profartspla.site\/wordpress\/Dictionnaire\/exposition\/\" target=\"_blank\" data-gt-translate-attributes='[{\"attribute\":\"data-cmtooltip\", \"format\":\"html\"}]' tabindex=\"0\" role=\"link\">exposition<\/a> de leurs \/ &oelig;uvres, au moment o&ugrave; nous sortions<\/em>&laquo;&nbsp;. FROMANGER, le 31.8.74<br>2- NOTE. L&rsquo;inscription en chinois sur le tableau veut dire&nbsp;: &laquo;&nbsp;<em>Servir le peuple<\/em>&laquo;&nbsp;.<br><\/p>\n<\/div>\n<\/div>\n\n\n\n<div style=\"height:50px\" aria-hidden=\"true\" class=\"wp-block-spacer\"><\/div>\n\n\n\n<h3 class=\"wp-block-heading\" id=\"viewer-sptlz325\">Erro<\/h3>\n\n\n\n<p id=\"viewer-t9eab327\"><a class=\"glossaryLink\" aria-describedby=\"tt\" data-cmtooltip=\"cmtt_7ebba5a74e5d2537f3dabdcbb1f8e85c\" href=\"https:\/\/www.profartspla.site\/wordpress\/Dictionnaire\/artiste\/\" target=\"_blank\" data-gt-translate-attributes='[{\"attribute\":\"data-cmtooltip\", \"format\":\"html\"}]' tabindex=\"0\" role=\"link\">Artiste<\/a> islandais associ&eacute; &agrave; la <a class=\"glossaryLink\" aria-describedby=\"tt\" data-cmtooltip=\"cmtt_30b3afe472d92ba38d9f1337ceef441b\" href=\"https:\/\/www.profartspla.site\/wordpress\/Dictionnaire\/figuration-narrative\/\" target=\"_blank\" data-gt-translate-attributes='[{\"attribute\":\"data-cmtooltip\", \"format\":\"html\"}]' tabindex=\"0\" role=\"link\">figuration narrative<\/a>, Erro cr&eacute;e des collages visuels o&ugrave; il juxtapose des images issues de la propagande, de la <a class=\"glossaryLink\" aria-describedby=\"tt\" data-cmtooltip=\"cmtt_5c45aae44eb489b548b1c7cbbc92c2b2\" href=\"https:\/\/www.profartspla.site\/wordpress\/Dictionnaire\/bande-dessinee\/\" target=\"_blank\" data-gt-translate-attributes='[{\"attribute\":\"data-cmtooltip\", \"format\":\"html\"}]' tabindex=\"0\" role=\"link\">bande dessin&eacute;e<\/a> et de la culture populaire. Ses &oelig;uvres explorent les contradictions de la soci&eacute;t&eacute; moderne.<\/p>\n\n\n\n<div class=\"wp-block-columns is-layout-flex wp-container-core-columns-is-layout-9d6595d7 wp-block-columns-is-layout-flex\">\n<div class=\"wp-block-column is-layout-flow wp-block-column-is-layout-flow\">\n<p><strong>Err&oacute;,&nbsp;<em>The Background of Pollock<\/em><\/strong><em> (Les origines de Pollock<\/em>), <strong>1966-67<\/strong>, de la <a class=\"glossaryLink\" aria-describedby=\"tt\" data-cmtooltip=\"cmtt_ed16c333e45e4dd5a46c68525355bf21\" href=\"https:\/\/www.profartspla.site\/wordpress\/Dictionnaire\/serie\/\" target=\"_blank\" data-gt-translate-attributes='[{\"attribute\":\"data-cmtooltip\", \"format\":\"html\"}]' tabindex=\"0\" role=\"link\">s&eacute;rie<\/a> <strong>La <a class=\"glossaryLink\" aria-describedby=\"tt\" data-cmtooltip=\"cmtt_420a8045c2e10449412dfc9e547b15c0\" href=\"https:\/\/www.profartspla.site\/wordpress\/Dictionnaire\/peinture\/\" target=\"_blank\" data-gt-translate-attributes='[{\"attribute\":\"data-cmtooltip\", \"format\":\"html\"}]' tabindex=\"0\" role=\"link\">peinture<\/a> en groupes<\/strong>, <a class=\"glossaryLink\" aria-describedby=\"tt\" data-cmtooltip=\"cmtt_420a8045c2e10449412dfc9e547b15c0\" href=\"https:\/\/www.profartspla.site\/wordpress\/Dictionnaire\/peinture\/\" target=\"_blank\" data-gt-translate-attributes='[{\"attribute\":\"data-cmtooltip\", \"format\":\"html\"}]' tabindex=\"0\" role=\"link\">peinture<\/a> acrylique et glyc&eacute;rophtalique sur <a class=\"glossaryLink\"  aria-describedby=\"tt\"  data-cmtooltip=\"cmtt_e131f1a12f35c0ea911c56cb20015d25\"  href=\"https:\/\/www.profartspla.site\/wordpress\/Dictionnaire\/formats-des-toiles\/\"  target=\"_blank\"  data-gt-translate-attributes='[{\"attribute\":\"data-cmtooltip\", \"format\":\"html\"}]' tabindex='0' role='link'>toile<\/a>, 260 x 200 cm, Centre Pompidou Paris<\/p>\n<\/div>\n\n\n\n<div class=\"wp-block-column is-layout-flow wp-block-column-is-layout-flow\">\n<figure class=\"wp-block-image size-full\"><img data-recalc-dims=\"1\" loading=\"lazy\" decoding=\"async\" width=\"765\" height=\"1000\" src=\"https:\/\/i0.wp.com\/www.profartspla.site\/wordpress\/wp-content\/uploads\/2025\/04\/erro_pollock.jpg?resize=765%2C1000&#038;ssl=1\" alt=\"\" class=\"wp-image-24511\" srcset=\"https:\/\/i0.wp.com\/www.profartspla.site\/wordpress\/wp-content\/uploads\/2025\/04\/erro_pollock.jpg?w=765&amp;ssl=1 765w, https:\/\/i0.wp.com\/www.profartspla.site\/wordpress\/wp-content\/uploads\/2025\/04\/erro_pollock.jpg?resize=230%2C300&amp;ssl=1 230w, https:\/\/i0.wp.com\/www.profartspla.site\/wordpress\/wp-content\/uploads\/2025\/04\/erro_pollock.jpg?resize=46%2C60&amp;ssl=1 46w\" sizes=\"auto, (max-width: 765px) 100vw, 765px\"\/><\/figure>\n<\/div>\n<\/div>\n\n\n\n<div style=\"height:50px\" aria-hidden=\"true\" class=\"wp-block-spacer\"><\/div>\n\n\n\n<h3 class=\"wp-block-heading\" id=\"viewer-c8nfj329\">Jacques Monory<\/h3>\n\n\n\n<p id=\"viewer-bj642331\">Jacques Monory est c&eacute;l&egrave;bre pour ses <a class=\"glossaryLink\" aria-describedby=\"tt\" data-cmtooltip=\"cmtt_420a8045c2e10449412dfc9e547b15c0\" href=\"https:\/\/www.profartspla.site\/wordpress\/Dictionnaire\/peinture\/\" target=\"_blank\" data-gt-translate-attributes='[{\"attribute\":\"data-cmtooltip\", \"format\":\"html\"}]' tabindex=\"0\" role=\"link\">peintures<\/a> teint&eacute;es de bleu et influenc&eacute;es par l&rsquo;esth&eacute;tique cin&eacute;matographique. Ses &oelig;uvres &eacute;voquent souvent des r&eacute;cits myst&eacute;rieux ou m&eacute;lancoliques, o&ugrave; la violence et l&rsquo;ali&eacute;nation jouent un r&ocirc;le central.<\/p>\n\n\n\n<div class=\"wp-block-columns is-layout-flex wp-container-core-columns-is-layout-9d6595d7 wp-block-columns-is-layout-flex\">\n<div class=\"wp-block-column is-layout-flow wp-block-column-is-layout-flow\">\n<figure class=\"wp-block-image\"><img data-recalc-dims=\"1\" decoding=\"async\" src=\"https:\/\/i0.wp.com\/static.wixstatic.com\/media\/e4d44f_9e5a52f644f04049afeac9728015cb94~mv2.jpg\/v1\/fill\/w_647%2Ch_690%2Cal_c%2Clg_1%2Cq_85%2Cenc_avif%2Cquality_auto\/e4d44f_9e5a52f644f04049afeac9728015cb94~mv2.jpg?w=925&#038;ssl=1\" alt=\"MONORY Jacques - Ir&eacute;na - 1970\"\/><\/figure>\n<\/div>\n\n\n\n<div class=\"wp-block-column is-layout-flow wp-block-column-is-layout-flow\">\n<p><em><strong>Ir&eacute;na<\/strong><\/em> de <strong>Jacques Monory<\/strong>, 1970, <a class=\"glossaryLink\"  aria-describedby=\"tt\"  data-cmtooltip=\"cmtt_9539e8710c6ddee4000eac9f0c707ff8\"  href=\"https:\/\/www.profartspla.site\/wordpress\/Dictionnaire\/huile\/\"  target=\"_blank\"  data-gt-translate-attributes='[{\"attribute\":\"data-cmtooltip\", \"format\":\"html\"}]' tabindex='0' role='link'>huile<\/a> sur <a class=\"glossaryLink\"  aria-describedby=\"tt\"  data-cmtooltip=\"cmtt_e131f1a12f35c0ea911c56cb20015d25\"  href=\"https:\/\/www.profartspla.site\/wordpress\/Dictionnaire\/formats-des-toiles\/\"  target=\"_blank\"  data-gt-translate-attributes='[{\"attribute\":\"data-cmtooltip\", \"format\":\"html\"}]' tabindex='0' role='link'>toile<\/a>.<\/p>\n<\/div>\n<\/div>\n\n<\/div><\/details><\/div>\n\n\n<div style=\"height:100px\" aria-hidden=\"true\" class=\"wp-block-spacer\"><\/div>\n","protected":false},"excerpt":{"rendered":"<p>Figuration Narrative La figuration narrative&nbsp;est un mouvement artistique n\u00e9 en France dans les ann\u00e9es 1960. Les artistes de ce mouvement artistique revendiquent la figuration traditionnelle, en r\u00e9action \u00e0 l\u2019abstraction dominante de l\u2019\u00e9poque et au d\u00e9veloppement de la soci\u00e9t\u00e9 de consommation. Inspir\u00e9e par la culture populaire, la bande dessin\u00e9e, le cin\u00e9ma, et les m\u00e9dias de masse, &hellip; <\/p>\n","protected":false},"author":1,"featured_media":13828,"menu_order":0,"template":"","meta":{"footnotes":""},"class_list":["post-24492","glossary","type-glossary","status-publish","has-post-thumbnail","hentry"],"jetpack_sharing_enabled":true,"_links":{"self":[{"href":"https:\/\/www.profartspla.site\/wordpress\/wp-json\/wp\/v2\/glossary\/24492","targetHints":{"allow":["GET"]}}],"collection":[{"href":"https:\/\/www.profartspla.site\/wordpress\/wp-json\/wp\/v2\/glossary"}],"about":[{"href":"https:\/\/www.profartspla.site\/wordpress\/wp-json\/wp\/v2\/types\/glossary"}],"author":[{"embeddable":true,"href":"https:\/\/www.profartspla.site\/wordpress\/wp-json\/wp\/v2\/users\/1"}],"version-history":[{"count":9,"href":"https:\/\/www.profartspla.site\/wordpress\/wp-json\/wp\/v2\/glossary\/24492\/revisions"}],"predecessor-version":[{"id":24514,"href":"https:\/\/www.profartspla.site\/wordpress\/wp-json\/wp\/v2\/glossary\/24492\/revisions\/24514"}],"wp:featuredmedia":[{"embeddable":true,"href":"https:\/\/www.profartspla.site\/wordpress\/wp-json\/wp\/v2\/media\/13828"}],"wp:attachment":[{"href":"https:\/\/www.profartspla.site\/wordpress\/wp-json\/wp\/v2\/media?parent=24492"}],"curies":[{"name":"wp","href":"https:\/\/api.w.org\/{rel}","templated":true}]}}