{"id":381,"date":"2017-11-10T18:49:38","date_gmt":"2017-11-10T17:49:38","guid":{"rendered":"https:\/\/www.profartspla.site\/wordpress\/drape\/"},"modified":"2025-04-11T16:55:50","modified_gmt":"2025-04-11T14:55:50","slug":"drape","status":"publish","type":"glossary","link":"https:\/\/www.profartspla.site\/wordpress\/Dictionnaire\/drape\/","title":{"rendered":"Drap\u00e9"},"content":{"rendered":"<p class=\"has-text-align-center has-medium-font-size\"><strong><a class=\"glossaryLink\"  aria-describedby=\"tt\"  data-cmtooltip=\"cmtt_4f59a10cab335689a76522bfb893f12d\"  href=\"https:\/\/www.profartspla.site\/wordpress\/Dictionnaire\/drape\/\"  target=\"_blank\"  data-gt-translate-attributes='[{\"attribute\":\"data-cmtooltip\", \"format\":\"html\"}]' tabindex='0' role='link'>Drap&eacute;<\/a><\/strong><\/p>\n\n\n\n<p>Plis dans un tissu dessin&eacute;s, peints ou sculpt&eacute;s. Les <a class=\"glossaryLink\"  aria-describedby=\"tt\"  data-cmtooltip=\"cmtt_7e74892c91b125d8593ae844297b803d\"  href=\"https:\/\/www.profartspla.site\/wordpress\/Dictionnaire\/sculpture\/\"  target=\"_blank\"  data-gt-translate-attributes='[{\"attribute\":\"data-cmtooltip\", \"format\":\"html\"}]' tabindex='0' role='link'>sculptures<\/a> semblent, par exemple, porter des voilages mouill&eacute;s !<\/p>\n\n\n\n<div style=\"height:100px\" aria-hidden=\"true\" class=\"wp-block-spacer\"><\/div>\n\n\n\n<p>Oeuvres en r&eacute;f&eacute;rence<\/p>\n\n\n<div class=\"lightweight-accordion\"><details><summary class=\"lightweight-accordion-title\"><span>En <a class=\"glossaryLink\"  aria-describedby=\"tt\"  data-cmtooltip=\"cmtt_fffae49563170d7b91fb8924f0c73be2\"  href=\"https:\/\/www.profartspla.site\/wordpress\/Dictionnaire\/dessin\/\"  target=\"_blank\"  data-gt-translate-attributes='[{\"attribute\":\"data-cmtooltip\", \"format\":\"html\"}]' tabindex='0' role='link'>dessin<\/a><\/span><\/summary><div class=\"lightweight-accordion-body\">\n\n<figure class=\"wp-block-image size-large\"><a href=\"https:\/\/i0.wp.com\/www.profartspla.site\/images\/glossaire\/drape.jpegimages\/glossaire\/vinci_draperie.jpeg?ssl=1\" target=\"_blank\" rel=\"noopener noreferrer\"><img data-recalc-dims=\"1\" decoding=\"async\" src=\"https:\/\/i0.wp.com\/www.profartspla.site\/images\/glossaire\/vinci_draperie.jpeg?w=925&#038;ssl=1\" alt=\"\"\/><\/a><figcaption class=\"wp-element-caption\"><em>Draperie pour une figure assise, <\/em>de <strong>L&eacute;onard de Vinci<\/strong>, vers 1470, <a class=\"glossaryLink\"  aria-describedby=\"tt\"  data-cmtooltip=\"cmtt_f9070c026db1e48a0f49dcd468ee634f\"  href=\"https:\/\/www.profartspla.site\/wordpress\/Dictionnaire\/pinceau\/\"  target=\"_blank\"  data-gt-translate-attributes='[{\"attribute\":\"data-cmtooltip\", \"format\":\"html\"}]' tabindex='0' role='link'>pinceau<\/a> et tempera grise, <a class=\"glossaryLink\"  aria-describedby=\"tt\"  data-cmtooltip=\"cmtt_895d4fbe3c3543381d766e0d740f82db\"  href=\"https:\/\/www.profartspla.site\/wordpress\/Dictionnaire\/rehauts\/\"  target=\"_blank\"  data-gt-translate-attributes='[{\"attribute\":\"data-cmtooltip\", \"format\":\"html\"}]' tabindex='0' role='link'>rehauts<\/a> de blanc, sur <a class=\"glossaryLink\"  aria-describedby=\"tt\"  data-cmtooltip=\"cmtt_e131f1a12f35c0ea911c56cb20015d25\"  href=\"https:\/\/www.profartspla.site\/wordpress\/Dictionnaire\/formats-des-toiles\/\"  target=\"_blank\"  data-gt-translate-attributes='[{\"attribute\":\"data-cmtooltip\", \"format\":\"html\"}]' tabindex='0' role='link'>toile<\/a> de lin pr&eacute;par&eacute;e grise. Traces de montage &agrave; la plume et encre noire. Usures dans la pr&eacute;paration de la <a class=\"glossaryLink\"  aria-describedby=\"tt\"  data-cmtooltip=\"cmtt_e131f1a12f35c0ea911c56cb20015d25\"  href=\"https:\/\/www.profartspla.site\/wordpress\/Dictionnaire\/formats-des-toiles\/\"  target=\"_blank\"  data-gt-translate-attributes='[{\"attribute\":\"data-cmtooltip\", \"format\":\"html\"}]' tabindex='0' role='link'>toile<\/a>. Angle sup&eacute;rieur gauche reconstitu&eacute;. 26.6 x 23.3 cm, <a class=\"glossaryLink\"  aria-describedby=\"tt\"  data-cmtooltip=\"cmtt_f50670b0c04e0fa882016c5609c90f50\"  href=\"https:\/\/www.profartspla.site\/wordpress\/Dictionnaire\/musee\/\"  target=\"_blank\"  data-gt-translate-attributes='[{\"attribute\":\"data-cmtooltip\", \"format\":\"html\"}]' tabindex='0' role='link'>Mus&eacute;e<\/a> du Louvre Paris<br>Variante : <em>Draperie pour une figure agenouill&eacute;e<\/em>&nbsp;<a href=\"https:\/\/collections.louvre.fr\/en\/ark:\/53355\/cl020003019\" target=\"_blank\" rel=\"noreferrer noopener\">https:\/\/collections.louvre.fr\/en\/ark:\/53355\/cl020003019<\/a>&nbsp;<\/figcaption><\/figure>\n\n<\/div><\/details><\/div>\n\n<div class=\"lightweight-accordion\"><details><summary class=\"lightweight-accordion-title\"><span>En <a class=\"glossaryLink\"  aria-describedby=\"tt\"  data-cmtooltip=\"cmtt_420a8045c2e10449412dfc9e547b15c0\"  href=\"https:\/\/www.profartspla.site\/wordpress\/Dictionnaire\/peinture\/\"  target=\"_blank\"  data-gt-translate-attributes='[{\"attribute\":\"data-cmtooltip\", \"format\":\"html\"}]' tabindex='0' role='link'>peinture<\/a><\/span><\/summary><div class=\"lightweight-accordion-body\">\n<div class=\"wp-block-image\">\n<figure class=\"aligncenter size-large\"><a href=\"https:\/\/i0.wp.com\/www.profartspla.site\/wordpress\/wp-content\/uploads\/2017\/11\/Jean-Auguste-Dominique_Ingres_-_Comtesse_Haussonville-scaled.jpg?ssl=1\" target=\"_blank\" rel=\" noreferrer noopener\"><img data-recalc-dims=\"1\" loading=\"lazy\" decoding=\"async\" width=\"731\" height=\"1024\" src=\"https:\/\/i0.wp.com\/www.profartspla.site\/wordpress\/wp-content\/uploads\/2017\/11\/Jean-Auguste-Dominique_Ingres_-_Comtesse_Haussonville.jpg?resize=731%2C1024&#038;ssl=1\" alt=\"\" class=\"wp-image-24258\" srcset=\"https:\/\/i0.wp.com\/www.profartspla.site\/wordpress\/wp-content\/uploads\/2017\/11\/Jean-Auguste-Dominique_Ingres_-_Comtesse_Haussonville-scaled.jpg?resize=731%2C1024&amp;ssl=1 731w, https:\/\/i0.wp.com\/www.profartspla.site\/wordpress\/wp-content\/uploads\/2017\/11\/Jean-Auguste-Dominique_Ingres_-_Comtesse_Haussonville-scaled.jpg?resize=214%2C300&amp;ssl=1 214w, https:\/\/i0.wp.com\/www.profartspla.site\/wordpress\/wp-content\/uploads\/2017\/11\/Jean-Auguste-Dominique_Ingres_-_Comtesse_Haussonville-scaled.jpg?resize=768%2C1076&amp;ssl=1 768w, https:\/\/i0.wp.com\/www.profartspla.site\/wordpress\/wp-content\/uploads\/2017\/11\/Jean-Auguste-Dominique_Ingres_-_Comtesse_Haussonville-scaled.jpg?resize=1096%2C1536&amp;ssl=1 1096w, https:\/\/i0.wp.com\/www.profartspla.site\/wordpress\/wp-content\/uploads\/2017\/11\/Jean-Auguste-Dominique_Ingres_-_Comtesse_Haussonville-scaled.jpg?resize=1462%2C2048&amp;ssl=1 1462w, https:\/\/i0.wp.com\/www.profartspla.site\/wordpress\/wp-content\/uploads\/2017\/11\/Jean-Auguste-Dominique_Ingres_-_Comtesse_Haussonville-scaled.jpg?resize=43%2C60&amp;ssl=1 43w, https:\/\/i0.wp.com\/www.profartspla.site\/wordpress\/wp-content\/uploads\/2017\/11\/Jean-Auguste-Dominique_Ingres_-_Comtesse_Haussonville-scaled.jpg?w=1827&amp;ssl=1 1827w\" sizes=\"auto, (max-width: 731px) 100vw, 731px\"\/><\/a><figcaption class=\"wp-element-caption\"><i>La Vicomtesse d&rsquo;Haussonville, <\/i>de <strong>Jean Auguste Dominique Ingres<\/strong>, 1845, <a class=\"glossaryLink\"  aria-describedby=\"tt\"  data-cmtooltip=\"cmtt_9539e8710c6ddee4000eac9f0c707ff8\"  href=\"https:\/\/www.profartspla.site\/wordpress\/Dictionnaire\/huile\/\"  target=\"_blank\"  data-gt-translate-attributes='[{\"attribute\":\"data-cmtooltip\", \"format\":\"html\"}]' tabindex='0' role='link'>huile<\/a> sur <a class=\"glossaryLink\"  aria-describedby=\"tt\"  data-cmtooltip=\"cmtt_e131f1a12f35c0ea911c56cb20015d25\"  href=\"https:\/\/www.profartspla.site\/wordpress\/Dictionnaire\/formats-des-toiles\/\"  target=\"_blank\"  data-gt-translate-attributes='[{\"attribute\":\"data-cmtooltip\", \"format\":\"html\"}]' tabindex='0' role='link'>toile<\/a> de <span class=\"nowrap\">131,76 <abbr class=\"abbr\" title=\"centim&egrave;tre\">cm<\/abbr><\/span> x <span class=\"nowrap\">92,08 <abbr class=\"abbr\" title=\"centim&egrave;tre\">cm<\/abbr><\/span>, <a class=\"glossaryLink\"  aria-describedby=\"tt\"  data-cmtooltip=\"cmtt_f50670b0c04e0fa882016c5609c90f50\"  href=\"https:\/\/www.profartspla.site\/wordpress\/Dictionnaire\/musee\/\"  target=\"_blank\"  data-gt-translate-attributes='[{\"attribute\":\"data-cmtooltip\", \"format\":\"html\"}]' tabindex='0' role='link'>mus&eacute;e<\/a> The Frick Collection, New York <a href=\"http:\/\/collections.frick.org\/objects\/105\/\" target=\"_blank\" rel=\"alternate noopener noreferrer\">http:\/\/collections.frick.org\/objects\/105\/<\/a><\/figcaption><\/figure>\n<\/div>\n\n\n<p><a href=\"http:\/\/www.frick.org\/interact\/jean-auguste-dominique-ingres-comtesse-dhaussonville\" target=\"_blank\" rel=\"noreferrer noopener\">http:\/\/www.frick.org\/interact\/jean-auguste-dominique-ingres-comtesse-dhaussonville<\/a><\/p>\n\n<\/div><\/details><\/div>\n\n<div class=\"lightweight-accordion\"><details><summary class=\"lightweight-accordion-title\"><span>En <a class=\"glossaryLink\"  aria-describedby=\"tt\"  data-cmtooltip=\"cmtt_7e74892c91b125d8593ae844297b803d\"  href=\"https:\/\/www.profartspla.site\/wordpress\/Dictionnaire\/sculpture\/\"  target=\"_blank\"  data-gt-translate-attributes='[{\"attribute\":\"data-cmtooltip\", \"format\":\"html\"}]' tabindex='0' role='link'>sculpture<\/a><\/span><\/summary><div class=\"lightweight-accordion-body\">\n<div class=\"wp-block-image\">\n<figure class=\"aligncenter size-large\"><a href=\"https:\/\/i0.wp.com\/www.profartspla.site\/images\/glossaire\/draperie_louvre.jpeg?ssl=1\" target=\"_blank\" rel=\" noreferrer noopener\"><img data-recalc-dims=\"1\" decoding=\"async\" src=\"https:\/\/i0.wp.com\/www.profartspla.site\/images\/glossaire\/draperie_louvre.jpeg?w=925&#038;ssl=1\" alt=\"\"\/><\/a><figcaption class=\"wp-element-caption\"><span class=\"contenu\"><i><strong>Victoire de Samothrace<\/strong>, <\/i>Vers 220-185 av. J.-C., <a class=\"glossaryLink\"  aria-describedby=\"tt\"  data-cmtooltip=\"cmtt_deab1a71c21890d75a68387d868dc86d\"  href=\"https:\/\/www.profartspla.site\/wordpress\/Dictionnaire\/marbre\/\"  target=\"_blank\"  data-gt-translate-attributes='[{\"attribute\":\"data-cmtooltip\", \"format\":\"html\"}]' tabindex='0' role='link'>Marbre<\/a> de 557 cm de haut, <a class=\"glossaryLink\"  aria-describedby=\"tt\"  data-cmtooltip=\"cmtt_f50670b0c04e0fa882016c5609c90f50\"  href=\"https:\/\/www.profartspla.site\/wordpress\/Dictionnaire\/musee\/\"  target=\"_blank\"  data-gt-translate-attributes='[{\"attribute\":\"data-cmtooltip\", \"format\":\"html\"}]' tabindex='0' role='link'>mus&eacute;e<\/a> du Louvre, Paris, <\/span><a href=\"https:\/\/musee.louvre.fr\/louvreplus\/video-43-corps-a-corps-la-victoire-de-samothrace\" target=\"_blank\" rel=\"noreferrer noopener\">https:\/\/musee.louvre.fr\/louvreplus\/video-43-corps-a-corps-la-victoire-de-samothrace<\/a><\/figcaption><\/figure>\n<\/div>\n<\/div><\/details><\/div>\n\n<div class=\"lightweight-accordion\"><details><summary class=\"lightweight-accordion-title\"><span><span class=\"contenu\">Les effets de voiles<\/span><\/span><\/summary><div class=\"lightweight-accordion-body\">\n\n<p><strong><span class=\"contenu\"><em>Vierge voil&eacute;e<\/em>&nbsp;<\/span><\/strong><span class=\"contenu\">de<\/span><strong><span class=\"contenu\"> Giovanni Strazza<\/span><\/strong><span class=\"contenu\">, milieu XIX&egrave;me, taill&eacute;e dans un bloc de <a class=\"glossaryLink\"  aria-describedby=\"tt\"  data-cmtooltip=\"cmtt_deab1a71c21890d75a68387d868dc86d\"  href=\"https:\/\/www.profartspla.site\/wordpress\/Dictionnaire\/marbre\/\"  target=\"_blank\"  data-gt-translate-attributes='[{\"attribute\":\"data-cmtooltip\", \"format\":\"html\"}]' tabindex='0' role='link'>marbre<\/a>, t&eacute;moigne de la virtuosit&eacute; du sculpteur par son saisissant effet de transparence.<\/span><\/p>\n\n\n\n<div class=\"wp-block-columns is-layout-flex wp-container-core-columns-is-layout-9d6595d7 wp-block-columns-is-layout-flex\">\n<div class=\"wp-block-column is-layout-flow wp-block-column-is-layout-flow\">\n<figure class=\"wp-block-image size-large\"><img data-recalc-dims=\"1\" decoding=\"async\" src=\"https:\/\/i0.wp.com\/www.profartspla.site\/images\/glossaire\/vierge_voilee.jpeg?w=925&#038;ssl=1\" alt=\"\"\/><\/figure>\n\n\n\n<figure class=\"wp-block-image size-large\"><a href=\"images\/glossaire\/vierge_voilee3.jpeg\" target=\"_blank\" rel=\"noopener noreferrer\"><img data-recalc-dims=\"1\" decoding=\"async\" src=\"https:\/\/i0.wp.com\/www.profartspla.site\/images\/glossaire\/vierge_voilee3.jpeg?w=925&#038;ssl=1\" alt=\"\"\/><\/a><\/figure>\n<\/div>\n\n\n\n<div class=\"wp-block-column is-layout-flow wp-block-column-is-layout-flow\">\n<figure class=\"wp-block-image size-large\"><a href=\"images\/glossaire\/vierge_voilee2.jpeg\" target=\"_blank\" rel=\"noopener noreferrer\"><img data-recalc-dims=\"1\" decoding=\"async\" src=\"https:\/\/i0.wp.com\/www.profartspla.site\/images\/glossaire\/vierge_voilee2.jpeg?w=925&#038;ssl=1\" alt=\"\"\/><\/a><\/figure>\n<\/div>\n\n\n\n<div class=\"wp-block-column is-layout-flow wp-block-column-is-layout-flow\">\n\t\t<figure class=\"wp-block-jetpack-videopress jetpack-videopress-player\" style=\"\">\n\t\t\t<div class=\"jetpack-videopress-player__wrapper\"> <div class=\"jetpack-video-wrapper\"><iframe title=\"VideoPress Video Player\" aria-label=\"VideoPress Video Player\" width=\"925\" height=\"925\" src=\"https:\/\/videopress.com\/embed\/bQymIIPH?cover=1&amp;autoPlay=0&amp;controls=1&amp;loop=0&amp;muted=0&amp;persistVolume=1&amp;playsinline=0&amp;preloadContent=metadata&amp;useAverageColor=1&amp;posterUrl=https%3A%2F%2Fvideos.files.wordpress.com%2FbQymIIPH%2Fles-mysteres-de-la-_vierge-voilee_-de-giovanni-strazza_mp4.scrubthumb.jpg&amp;hd=0\" frameborder=\"0\" allowfullscreen data-resize-to-parent=\"true\" allow=\"clipboard-write\"><\/iframe><script src='https:\/\/v0.wordpress.com\/js\/next\/videopress-iframe.js?m=1739540970'><\/script><\/div><\/div>\n\t\t\t\n\t\t\t\n\t\t<\/figure>\n\t\t<\/div>\n<\/div>\n\n\n\n<div style=\"height:100px\" aria-hidden=\"true\" class=\"wp-block-spacer\"><\/div>\n\n\n\n<p><strong><span class=\"contenu\"><em>Le visage du Christ voil&eacute;<\/em> <\/span><\/strong><span class=\"contenu\">(Cristo velato) de<\/span><strong><span class=\"contenu\"> Giuseppe Sanmartino<\/span><\/strong><span class=\"contenu\">, 1753,&nbsp;Cappella Sansevero, &agrave; Naples.<\/span><\/p>\n\n\n<div class=\"wp-block-image\">\n<figure class=\"aligncenter size-large\"><a href=\"https:\/\/i0.wp.com\/www.profartspla.site\/images\/glossaire\/cristo_velato.jpeg?ssl=1\" target=\"_blank\" rel=\" noreferrer noopener\"><img data-recalc-dims=\"1\" decoding=\"async\" src=\"https:\/\/i0.wp.com\/www.profartspla.site\/images\/glossaire\/cristo_velato.jpeg?w=925&#038;ssl=1\" alt=\"\"\/><\/a><\/figure>\n<\/div>\n\n\n<p><a href=\"https:\/\/www.museosansevero.it\/fr\/la-chapelle-et-le-christ-voile\/le-christ-voile\/la-legende-du-voile\" target=\"_blank\" rel=\"noreferrer noopener\">https:\/\/www.museosansevero.it\/fr\/la-chapelle-et-le-christ-voile\/le-christ-voile\/la-legende-du-voile<\/a><\/p>\n\n<\/div><\/details><\/div>\n\n<div class=\"lightweight-accordion\"><details><summary class=\"lightweight-accordion-title\"><span><span class=\"contenu\">En video<\/span><\/span><\/summary><div class=\"lightweight-accordion-body\">\n\n<p><span class=\"contenu\"><a class=\"glossaryLink\"  aria-describedby=\"tt\"  data-cmtooltip=\"cmtt_00e1dcd087643be50967bd2050b29be5\"  href=\"https:\/\/www.profartspla.site\/wordpress\/Dictionnaire\/exposition\/\"  target=\"_blank\"  data-gt-translate-attributes='[{\"attribute\":\"data-cmtooltip\", \"format\":\"html\"}]' tabindex='0' role='link'>Exposition<\/a> <\/span><strong><span class=\"contenu\">Alain Fleischer : &laquo;&nbsp;Les Hommes dans les draps&nbsp;&raquo;, <\/span><\/strong><span class=\"contenu\">2003 au Centquatre<\/span>, &agrave; Paris<\/p>\n\n\n\n<figure class=\"wp-block-embed is-type-video is-provider-youtube wp-block-embed-youtube wp-embed-aspect-16-9 wp-has-aspect-ratio\"><div class=\"wp-block-embed__wrapper\">\n<div class=\"jetpack-video-wrapper\"><iframe loading=\"lazy\" title=\"Exposition Alain Fleischer   Les Hommes dans les draps\" width=\"925\" height=\"520\" src=\"https:\/\/www.youtube.com\/embed\/XLs_o-4sgeE?feature=oembed\" frameborder=\"0\" allow=\"accelerometer; autoplay; clipboard-write; encrypted-media; gyroscope; picture-in-picture; web-share\" referrerpolicy=\"strict-origin-when-cross-origin\" allowfullscreen><\/iframe><\/div>\n<\/div><\/figure>\n\n\n\n<p><a href=\"https:\/\/www.profartspla.site\/images\/glossaire\/fleischer-supplement-beauxarts.pdf\" target=\"_blank\" rel=\"noreferrer noopener\">Lire le suppl&eacute;ment de Beaux-Arts en pdf<\/a><\/p>\n\n<\/div><\/details><\/div>\n\n\n<p><a href=\"images\/glossaire\/cristo_velato.jpeg\" target=\"_blank\" rel=\"noopener noreferrer\"><span class=\"contenu\"><\/span><\/a><\/p>\n\n\n\n<p><\/p>\n","protected":false},"excerpt":{"rendered":"<p>Drap\u00e9 Plis dans un tissu dessin\u00e9s, peints ou sculpt\u00e9s. Les sculptures semblent, par exemple, porter des voilages mouill\u00e9s ! Oeuvres en r\u00e9f\u00e9rence<\/p>\n","protected":false},"author":1,"featured_media":13828,"menu_order":251,"template":"","meta":{"footnotes":""},"class_list":["post-381","glossary","type-glossary","status-publish","has-post-thumbnail","hentry"],"jetpack_sharing_enabled":true,"_links":{"self":[{"href":"https:\/\/www.profartspla.site\/wordpress\/wp-json\/wp\/v2\/glossary\/381","targetHints":{"allow":["GET"]}}],"collection":[{"href":"https:\/\/www.profartspla.site\/wordpress\/wp-json\/wp\/v2\/glossary"}],"about":[{"href":"https:\/\/www.profartspla.site\/wordpress\/wp-json\/wp\/v2\/types\/glossary"}],"author":[{"embeddable":true,"href":"https:\/\/www.profartspla.site\/wordpress\/wp-json\/wp\/v2\/users\/1"}],"version-history":[{"count":9,"href":"https:\/\/www.profartspla.site\/wordpress\/wp-json\/wp\/v2\/glossary\/381\/revisions"}],"predecessor-version":[{"id":24265,"href":"https:\/\/www.profartspla.site\/wordpress\/wp-json\/wp\/v2\/glossary\/381\/revisions\/24265"}],"wp:featuredmedia":[{"embeddable":true,"href":"https:\/\/www.profartspla.site\/wordpress\/wp-json\/wp\/v2\/media\/13828"}],"wp:attachment":[{"href":"https:\/\/www.profartspla.site\/wordpress\/wp-json\/wp\/v2\/media?parent=381"}],"curies":[{"name":"wp","href":"https:\/\/api.w.org\/{rel}","templated":true}]}}