{"id":20733,"date":"2024-09-14T10:10:36","date_gmt":"2024-09-14T08:10:36","guid":{"rendered":"https:\/\/www.profartspla.site\/wordpress\/?page_id=20733"},"modified":"2025-09-03T19:15:17","modified_gmt":"2025-09-03T17:15:17","slug":"premiere-specialite","status":"publish","type":"page","link":"https:\/\/www.profartspla.site\/wordpress\/premiere-specialite\/","title":{"rendered":"Premi\u00e8re Sp\u00e9cialit\u00e9"},"content":{"rendered":"<div class=\"wp-block-columns is-layout-flex wp-container-core-columns-is-layout-9d6595d7 wp-block-columns-is-layout-flex\">\n<div class=\"wp-block-column has-black-color has-text-color has-background has-link-color wp-elements-3ff39255bebb389422271925db228332 is-layout-flow wp-block-column-is-layout-flow\" style=\"background-color:#fcb90036\">\n<p class=\"has-text-align-center\"><strong>Les COURS : culture et pratique<\/strong><\/p>\n\n\n<ul class=\"wp-block-latest-posts__list has-dates aligncenter wp-block-latest-posts\"><li><div class=\"wp-block-latest-posts__featured-image alignleft\"><a href=\"https:\/\/www.profartspla.site\/wordpress\/2026\/03\/29\/du-geste-a-loeuvre-exploitations-pedagogiques-de-lexposition-dans-le-lieu-darts-et-de-cultures-du-lycee-en-galerie-12\/\" aria-label=\"Du Geste &agrave; l&rsquo;Oeuvre : exploitations p&eacute;dagogiques de l&rsquo;exposition dans le Lieu d&rsquo;Arts et de Cultures du lyc&eacute;e, en galerie 12\"><img loading=\"lazy\" decoding=\"async\" width=\"150\" height=\"150\" src=\"https:\/\/i0.wp.com\/www.profartspla.site\/wordpress\/wp-content\/uploads\/2026\/03\/geste_oeuvre-e1774788294570.png?resize=150%2C101&amp;ssl=1\" class=\"attachment-thumbnail size-thumbnail wp-post-image\" alt=\"\" style=\"max-width:38px;max-height:38px;\"\/><\/a><\/div><a class=\"wp-block-latest-posts__post-title\" href=\"https:\/\/www.profartspla.site\/wordpress\/2026\/03\/29\/du-geste-a-loeuvre-exploitations-pedagogiques-de-lexposition-dans-le-lieu-darts-et-de-cultures-du-lycee-en-galerie-12\/\">Du Geste &agrave; l&rsquo;Oeuvre : exploitations p&eacute;dagogiques de l&rsquo;exposition dans le Lieu d&rsquo;Arts et de Cultures du lyc&eacute;e, en galerie 12<\/a><time datetime=\"2026-03-29T14:45:33+02:00\" class=\"wp-block-latest-posts__post-date\">29 mars 2026<\/time><\/li>\n<li><div class=\"wp-block-latest-posts__featured-image alignleft\"><a href=\"https:\/\/www.profartspla.site\/wordpress\/2026\/03\/29\/projets-plastiques-jardins-ephemeres\/\" aria-label=\"Projets plastiques &laquo;&nbsp;Jardins &eacute;ph&eacute;m&egrave;res&nbsp;&raquo;\"><img loading=\"lazy\" decoding=\"async\" width=\"150\" height=\"150\" src=\"https:\/\/i0.wp.com\/www.profartspla.site\/wordpress\/wp-content\/uploads\/2026\/03\/jardins-e1774782112823.png?resize=150%2C150&amp;ssl=1\" class=\"attachment-thumbnail size-thumbnail wp-post-image\" alt=\"\" style=\"max-width:38px;max-height:38px;\"\/><\/a><\/div><a class=\"wp-block-latest-posts__post-title\" href=\"https:\/\/www.profartspla.site\/wordpress\/2026\/03\/29\/projets-plastiques-jardins-ephemeres\/\">Projets plastiques &laquo;&nbsp;Jardins &eacute;ph&eacute;m&egrave;res&nbsp;&raquo;<\/a><time datetime=\"2026-03-29T13:01:57+02:00\" class=\"wp-block-latest-posts__post-date\">29 mars 2026<\/time><\/li>\n<li><div class=\"wp-block-latest-posts__featured-image alignleft\"><a href=\"https:\/\/www.profartspla.site\/wordpress\/2026\/03\/01\/la-liste-comme-procede-artistique\/\" aria-label=\"La liste comme proc&eacute;d&eacute; artistique\"><img loading=\"lazy\" decoding=\"async\" width=\"150\" height=\"150\" src=\"https:\/\/i0.wp.com\/www.profartspla.site\/wordpress\/wp-content\/uploads\/2026\/03\/lettrisme-e1772356511831.jpeg?resize=150%2C150&amp;ssl=1\" class=\"attachment-thumbnail size-thumbnail wp-post-image\" alt=\"\" style=\"max-width:38px;max-height:38px;\"\/><\/a><\/div><a class=\"wp-block-latest-posts__post-title\" href=\"https:\/\/www.profartspla.site\/wordpress\/2026\/03\/01\/la-liste-comme-procede-artistique\/\">La liste comme proc&eacute;d&eacute; artistique<\/a><time datetime=\"2026-03-01T10:14:09+01:00\" class=\"wp-block-latest-posts__post-date\">1 mars 2026<\/time><\/li>\n<li><div class=\"wp-block-latest-posts__featured-image alignleft\"><a href=\"https:\/\/www.profartspla.site\/wordpress\/2026\/01\/18\/filieres-artistiques-presentation-aux-eleves-et-familles\/\" aria-label=\"Fili&egrave;res artistiques : pr&eacute;sentation aux &eacute;l&egrave;ves et familles\"><img loading=\"lazy\" decoding=\"async\" width=\"150\" height=\"74\" src=\"https:\/\/i0.wp.com\/www.profartspla.site\/wordpress\/wp-content\/uploads\/2021\/01\/orientation-e1665231740906.jpeg?resize=150%2C74&amp;ssl=1\" class=\"attachment-thumbnail size-thumbnail wp-post-image\" alt=\"\" style=\"max-width:38px;max-height:38px;\"\/><\/a><\/div><a class=\"wp-block-latest-posts__post-title\" href=\"https:\/\/www.profartspla.site\/wordpress\/2026\/01\/18\/filieres-artistiques-presentation-aux-eleves-et-familles\/\">Fili&egrave;res artistiques : pr&eacute;sentation aux &eacute;l&egrave;ves et familles<\/a><time datetime=\"2026-01-18T16:18:31+01:00\" class=\"wp-block-latest-posts__post-date\">18 janvier 2026<\/time><\/li>\n<li><div class=\"wp-block-latest-posts__featured-image alignleft\"><a href=\"https:\/\/www.profartspla.site\/wordpress\/2026\/01\/18\/creer-pour-lexterieur\/\" aria-label=\"Cr&eacute;er pour l&rsquo;ext&eacute;rieur\"><img loading=\"lazy\" decoding=\"async\" width=\"150\" height=\"150\" src=\"https:\/\/i0.wp.com\/www.profartspla.site\/wordpress\/wp-content\/uploads\/2026\/01\/art_exterieur-e1768734932725.jpeg?resize=150%2C136&amp;ssl=1\" class=\"attachment-thumbnail size-thumbnail wp-post-image\" alt=\"\" style=\"max-width:38px;max-height:38px;\"\/><\/a><\/div><a class=\"wp-block-latest-posts__post-title\" href=\"https:\/\/www.profartspla.site\/wordpress\/2026\/01\/18\/creer-pour-lexterieur\/\">Cr&eacute;er pour l&rsquo;ext&eacute;rieur<\/a><time datetime=\"2026-01-18T12:15:14+01:00\" class=\"wp-block-latest-posts__post-date\">18 janvier 2026<\/time><\/li>\n<li><div class=\"wp-block-latest-posts__featured-image alignleft\"><a href=\"https:\/\/www.profartspla.site\/wordpress\/2026\/01\/18\/planche-de-projet-en-arts-plastiques-projetjardin\/\" aria-label=\"Planche de projet en arts plastiques pour le projet des Jardins &Eacute;ph&eacute;m&egrave;res\"><img loading=\"lazy\" decoding=\"async\" width=\"150\" height=\"150\" src=\"https:\/\/i0.wp.com\/www.profartspla.site\/wordpress\/wp-content\/uploads\/2026\/01\/place_armes-e1768733914336.jpeg?resize=150%2C133&amp;ssl=1\" class=\"attachment-thumbnail size-thumbnail wp-post-image\" alt=\"\" style=\"max-width:38px;max-height:38px;\"\/><\/a><\/div><a class=\"wp-block-latest-posts__post-title\" href=\"https:\/\/www.profartspla.site\/wordpress\/2026\/01\/18\/planche-de-projet-en-arts-plastiques-projetjardin\/\">Planche de projet en arts plastiques pour le projet des Jardins &Eacute;ph&eacute;m&egrave;res<\/a><time datetime=\"2026-01-18T12:01:24+01:00\" class=\"wp-block-latest-posts__post-date\">18 janvier 2026<\/time><\/li>\n<li><div class=\"wp-block-latest-posts__featured-image alignleft\"><a href=\"https:\/\/www.profartspla.site\/wordpress\/2026\/01\/04\/jardins-ephemeres-projet-partenarial-avec-la-ville-de-metz\/\" aria-label=\"Jardins &eacute;ph&eacute;m&egrave;res : projet partenarial avec la ville de Metz\"><img loading=\"lazy\" decoding=\"async\" width=\"150\" height=\"146\" src=\"https:\/\/i0.wp.com\/www.profartspla.site\/wordpress\/wp-content\/uploads\/2026\/01\/jardins_metz.png?resize=150%2C146&amp;ssl=1\" class=\"attachment-thumbnail size-thumbnail wp-post-image\" alt=\"\" style=\"max-width:38px;max-height:38px;\"\/><\/a><\/div><a class=\"wp-block-latest-posts__post-title\" href=\"https:\/\/www.profartspla.site\/wordpress\/2026\/01\/04\/jardins-ephemeres-projet-partenarial-avec-la-ville-de-metz\/\">Jardins &eacute;ph&eacute;m&egrave;res : projet partenarial avec la ville de Metz<\/a><time datetime=\"2026-01-04T14:17:52+01:00\" class=\"wp-block-latest-posts__post-date\">4 janvier 2026<\/time><\/li>\n<li><div class=\"wp-block-latest-posts__featured-image alignleft\"><a href=\"https:\/\/www.profartspla.site\/wordpress\/2025\/12\/10\/culture-artistique-archixvii\/\" aria-label=\"Culture artistique : Architecture du XVII&egrave;me si&egrave;cle (baroque et classique)\"><img loading=\"lazy\" decoding=\"async\" width=\"150\" height=\"150\" src=\"https:\/\/i0.wp.com\/www.profartspla.site\/wordpress\/wp-content\/uploads\/2022\/09\/cult_art-e1665996227876.jpg?resize=150%2C150&amp;ssl=1\" class=\"attachment-thumbnail size-thumbnail wp-post-image\" alt=\"\" style=\"max-width:38px;max-height:38px;\"\/><\/a><\/div><a class=\"wp-block-latest-posts__post-title\" href=\"https:\/\/www.profartspla.site\/wordpress\/2025\/12\/10\/culture-artistique-archixvii\/\">Culture artistique : Architecture du XVII&egrave;me si&egrave;cle (baroque et classique)<\/a><time datetime=\"2025-12-10T07:17:36+01:00\" class=\"wp-block-latest-posts__post-date\">10 d&eacute;cembre 2025<\/time><\/li>\n<li><div class=\"wp-block-latest-posts__featured-image alignleft\"><a href=\"https:\/\/www.profartspla.site\/wordpress\/2025\/11\/27\/art-grec-et-canon-de-beaute\/\" aria-label=\"Art grec et canon de beaut&eacute;\"><img loading=\"lazy\" decoding=\"async\" width=\"150\" height=\"150\" src=\"https:\/\/i0.wp.com\/www.profartspla.site\/wordpress\/wp-content\/uploads\/2022\/09\/cult_art-e1665996227876.jpg?resize=150%2C150&amp;ssl=1\" class=\"attachment-thumbnail size-thumbnail wp-post-image\" alt=\"\" style=\"max-width:38px;max-height:38px;\"\/><\/a><\/div><a class=\"wp-block-latest-posts__post-title\" href=\"https:\/\/www.profartspla.site\/wordpress\/2025\/11\/27\/art-grec-et-canon-de-beaute\/\">Art grec et canon de beaut&eacute;<\/a><time datetime=\"2025-11-27T11:06:25+01:00\" class=\"wp-block-latest-posts__post-date\">27 novembre 2025<\/time><\/li>\n<li><div class=\"wp-block-latest-posts__featured-image alignleft\"><a href=\"https:\/\/www.profartspla.site\/wordpress\/2025\/11\/20\/analyse-du-david-de-michel-ange\/\" aria-label=\"Analyse du David de Michel &ndash; Ange\"><img loading=\"lazy\" decoding=\"async\" width=\"150\" height=\"143\" src=\"https:\/\/i0.wp.com\/www.profartspla.site\/wordpress\/wp-content\/uploads\/2020\/04\/david-e1762073593683.jpeg?resize=150%2C110&amp;ssl=1\" class=\"attachment-thumbnail size-thumbnail wp-post-image\" alt=\"\" style=\"max-width:38px;max-height:38px;\"\/><\/a><\/div><a class=\"wp-block-latest-posts__post-title\" href=\"https:\/\/www.profartspla.site\/wordpress\/2025\/11\/20\/analyse-du-david-de-michel-ange\/\">Analyse du David de Michel &ndash; Ange<\/a><time datetime=\"2025-11-20T09:39:34+01:00\" class=\"wp-block-latest-posts__post-date\">20 novembre 2025<\/time><\/li>\n<li><div class=\"wp-block-latest-posts__featured-image alignleft\"><a href=\"https:\/\/www.profartspla.site\/wordpress\/2025\/11\/02\/culture-artistique-art-egypte\/\" aria-label=\"Culture artistique : art de l&rsquo;Egypte Ancienne\"><img loading=\"lazy\" decoding=\"async\" width=\"150\" height=\"150\" src=\"https:\/\/i0.wp.com\/www.profartspla.site\/wordpress\/wp-content\/uploads\/2022\/09\/cult_art-e1665996227876.jpg?resize=150%2C150&amp;ssl=1\" class=\"attachment-thumbnail size-thumbnail wp-post-image\" alt=\"\" style=\"max-width:38px;max-height:38px;\"\/><\/a><\/div><a class=\"wp-block-latest-posts__post-title\" href=\"https:\/\/www.profartspla.site\/wordpress\/2025\/11\/02\/culture-artistique-art-egypte\/\">Culture artistique : art de l&rsquo;Egypte Ancienne<\/a><time datetime=\"2025-11-02T09:41:42+01:00\" class=\"wp-block-latest-posts__post-date\">2 novembre 2025<\/time><\/li>\n<li><div class=\"wp-block-latest-posts__featured-image alignleft\"><a href=\"https:\/\/www.profartspla.site\/wordpress\/2025\/09\/28\/in-situ-ready-made\/\" aria-label=\"Conditions et modalit&eacute;s de la pr&eacute;sentation du travail artistique : pratiques de l&rsquo;in situ et du ready-made 2026\"><img loading=\"lazy\" decoding=\"async\" width=\"150\" height=\"150\" src=\"https:\/\/i0.wp.com\/www.profartspla.site\/wordpress\/wp-content\/uploads\/2025\/09\/Capture-decran-2025-09-28-a-19.50.17-e1759081844261.png?resize=150%2C150&amp;ssl=1\" class=\"attachment-thumbnail size-thumbnail wp-post-image\" alt=\"\" style=\"max-width:38px;max-height:38px;\"\/><\/a><\/div><a class=\"wp-block-latest-posts__post-title\" href=\"https:\/\/www.profartspla.site\/wordpress\/2025\/09\/28\/in-situ-ready-made\/\">Conditions et modalit&eacute;s de la pr&eacute;sentation du travail artistique : pratiques de l&rsquo;in situ et du ready-made 2026<\/a><time datetime=\"2025-09-28T19:51:10+02:00\" class=\"wp-block-latest-posts__post-date\">28 septembre 2025<\/time><\/li>\n<li><div class=\"wp-block-latest-posts__featured-image alignleft\"><a href=\"https:\/\/www.profartspla.site\/wordpress\/2025\/09\/03\/les-dispositifs-de-presentation-des-oeuvres-2\/\" aria-label=\"Les dispositifs de pr&eacute;sentation des oeuvres 2025-2026\"><img loading=\"lazy\" decoding=\"async\" width=\"150\" height=\"150\" src=\"https:\/\/i0.wp.com\/www.profartspla.site\/wordpress\/wp-content\/uploads\/2024\/09\/presentation-e1726461790942.png?resize=150%2C144&amp;ssl=1\" class=\"attachment-thumbnail size-thumbnail wp-post-image\" alt=\"\" style=\"max-width:38px;max-height:38px;\"\/><\/a><\/div><a class=\"wp-block-latest-posts__post-title\" href=\"https:\/\/www.profartspla.site\/wordpress\/2025\/09\/03\/les-dispositifs-de-presentation-des-oeuvres-2\/\">Les dispositifs de pr&eacute;sentation des oeuvres 2025-2026<\/a><time datetime=\"2025-09-03T20:22:21+02:00\" class=\"wp-block-latest-posts__post-date\">3 septembre 2025<\/time><\/li>\n<li><div class=\"wp-block-latest-posts__featured-image alignleft\"><a href=\"https:\/\/www.profartspla.site\/wordpress\/2025\/09\/03\/organisation-en-premiere-specialite-2025-2026\/\" aria-label=\"Organisation en Premi&egrave;re sp&eacute;cialit&eacute; : deux groupes avec deux enseignantes 2025-2026\"><img loading=\"lazy\" decoding=\"async\" width=\"150\" height=\"150\" src=\"https:\/\/i0.wp.com\/www.profartspla.site\/wordpress\/wp-content\/uploads\/2025\/02\/methodo-e1738519631474.jpeg?resize=150%2C119&amp;ssl=1\" class=\"attachment-thumbnail size-thumbnail wp-post-image\" alt=\"\" style=\"max-width:38px;max-height:38px;\"\/><\/a><\/div><a class=\"wp-block-latest-posts__post-title\" href=\"https:\/\/www.profartspla.site\/wordpress\/2025\/09\/03\/organisation-en-premiere-specialite-2025-2026\/\">Organisation en Premi&egrave;re sp&eacute;cialit&eacute; : deux groupes avec deux enseignantes 2025-2026<\/a><time datetime=\"2025-09-03T20:15:27+02:00\" class=\"wp-block-latest-posts__post-date\">3 septembre 2025<\/time><\/li>\n<li><div class=\"wp-block-latest-posts__featured-image alignleft\"><a href=\"https:\/\/www.profartspla.site\/wordpress\/2025\/05\/24\/evaluer-ses-connaissances-en-culture-artistique\/\" aria-label=\"Evaluer ses connaissances en culture artistique en 100 questions\"><img loading=\"lazy\" decoding=\"async\" width=\"150\" height=\"150\" src=\"https:\/\/i0.wp.com\/www.profartspla.site\/wordpress\/wp-content\/uploads\/2023\/10\/revisions-e1697879045755.jpg?resize=150%2C133&amp;ssl=1\" class=\"attachment-thumbnail size-thumbnail wp-post-image\" alt=\"\" style=\"max-width:38px;max-height:38px;\"\/><\/a><\/div><a class=\"wp-block-latest-posts__post-title\" href=\"https:\/\/www.profartspla.site\/wordpress\/2025\/05\/24\/evaluer-ses-connaissances-en-culture-artistique\/\">Evaluer ses connaissances en culture artistique en 100 questions<\/a><time datetime=\"2025-05-24T13:43:43+02:00\" class=\"wp-block-latest-posts__post-date\">24 mai 2025<\/time><\/li>\n<li><div class=\"wp-block-latest-posts__featured-image alignleft\"><a href=\"https:\/\/www.profartspla.site\/wordpress\/2025\/05\/19\/pas-un-jour-sans-une-ligne-2024\/\" aria-label=\"&laquo;&nbsp;Pas un jour sans une ligne&nbsp;&raquo; : la pratique r&eacute;guli&egrave;re du croquis\"><img decoding=\"async\" src=\"https:\/\/i0.wp.com\/www.profartspla.site\/wordpress\/wp-content\/uploads\/2020\/01\/dessin_modele.jpg?resize=150%2C150&amp;ssl=1\" class=\"attachment-thumbnail size-thumbnail wp-post-image\" alt=\"\" style=\"max-width:38px;max-height:38px;\"\/><\/a><\/div><a class=\"wp-block-latest-posts__post-title\" href=\"https:\/\/www.profartspla.site\/wordpress\/2025\/05\/19\/pas-un-jour-sans-une-ligne-2024\/\">&laquo;&nbsp;Pas un jour sans une ligne&nbsp;&raquo; : la pratique r&eacute;guli&egrave;re du croquis<\/a><time datetime=\"2025-05-19T06:52:22+02:00\" class=\"wp-block-latest-posts__post-date\">19 mai 2025<\/time><\/li>\n<li><div class=\"wp-block-latest-posts__featured-image alignleft\"><a href=\"https:\/\/www.profartspla.site\/wordpress\/2025\/01\/12\/panorama-artistique-pour-se-construire-une-culture-artistique\/\" aria-label=\"Panorama artistique : pour se construire une culture artistique\"><img loading=\"lazy\" decoding=\"async\" width=\"150\" height=\"150\" src=\"https:\/\/i0.wp.com\/www.profartspla.site\/wordpress\/wp-content\/uploads\/2018\/05\/lignedutemps-1-e1736686279688.png?resize=150%2C150&amp;ssl=1\" class=\"attachment-thumbnail size-thumbnail wp-post-image\" alt=\"\" style=\"max-width:38px;max-height:38px;\"\/><\/a><\/div><a class=\"wp-block-latest-posts__post-title\" href=\"https:\/\/www.profartspla.site\/wordpress\/2025\/01\/12\/panorama-artistique-pour-se-construire-une-culture-artistique\/\">Panorama artistique : pour se construire une culture artistique<\/a><time datetime=\"2025-01-12T13:53:13+01:00\" class=\"wp-block-latest-posts__post-date\">12 janvier 2025<\/time><\/li>\n<li><div class=\"wp-block-latest-posts__featured-image alignleft\"><a href=\"https:\/\/www.profartspla.site\/wordpress\/2023\/09\/05\/programmes-en-specialite-arts-plastiques\/\" aria-label=\"Programmes en sp&eacute;cialit&eacute; arts plastiques\"><img loading=\"lazy\" decoding=\"async\" width=\"150\" height=\"150\" src=\"https:\/\/i0.wp.com\/www.profartspla.site\/wordpress\/wp-content\/uploads\/2022\/07\/term_mots_prog-1.png?resize=150%2C150&amp;ssl=1\" class=\"attachment-thumbnail size-thumbnail wp-post-image\" alt=\"\" style=\"max-width:38px;max-height:38px;\" srcset=\"https:\/\/i0.wp.com\/www.profartspla.site\/wordpress\/wp-content\/uploads\/2022\/07\/term_mots_prog-1.png?resize=150%2C150&amp;ssl=1 150w, https:\/\/i0.wp.com\/www.profartspla.site\/wordpress\/wp-content\/uploads\/2022\/07\/term_mots_prog-1.png?zoom=2&amp;resize=150%2C150&amp;ssl=1 300w\" sizes=\"auto, (max-width: 150px) 100vw, 150px\"\/><\/a><\/div><a class=\"wp-block-latest-posts__post-title\" href=\"https:\/\/www.profartspla.site\/wordpress\/2023\/09\/05\/programmes-en-specialite-arts-plastiques\/\">Programmes en sp&eacute;cialit&eacute; arts plastiques<\/a><time datetime=\"2023-09-05T21:19:07+02:00\" class=\"wp-block-latest-posts__post-date\">5 septembre 2023<\/time><\/li>\n<li><div class=\"wp-block-latest-posts__featured-image alignleft\"><a href=\"https:\/\/www.profartspla.site\/wordpress\/2015\/04\/26\/methodes-analyse-oeuvres-domaines\/\" aria-label=\"M&eacute;thodes d&rsquo;analyse des oeuvres d&rsquo;art par domaine\"><img loading=\"lazy\" decoding=\"async\" width=\"150\" height=\"144\" src=\"https:\/\/i0.wp.com\/www.profartspla.site\/wordpress\/wp-content\/uploads\/2015\/04\/analyse-e1668171899340.png?resize=150%2C144&amp;ssl=1\" class=\"attachment-thumbnail size-thumbnail wp-post-image\" alt=\"\" style=\"max-width:38px;max-height:38px;\"\/><\/a><\/div><a class=\"wp-block-latest-posts__post-title\" href=\"https:\/\/www.profartspla.site\/wordpress\/2015\/04\/26\/methodes-analyse-oeuvres-domaines\/\">M&eacute;thodes d&rsquo;analyse des oeuvres d&rsquo;art par domaine<\/a><time datetime=\"2015-04-26T15:22:54+02:00\" class=\"wp-block-latest-posts__post-date\">26 avril 2015<\/time><\/li>\n<\/ul><\/div>\n\n\n\n<div class=\"wp-block-column has-black-color has-text-color has-background has-link-color wp-elements-1bf24381dd59d1c0d532fed36494bca9 is-layout-flow wp-block-column-is-layout-flow\" style=\"background-color:#7bdbb547\">\n<p class=\"has-text-align-center\"><strong>La METHODO <\/strong><\/p>\n\n\n<ul class=\"wp-block-latest-posts__list has-dates aligncenter wp-block-latest-posts\"><li><div class=\"wp-block-latest-posts__featured-image alignleft\"><a href=\"https:\/\/www.profartspla.site\/wordpress\/2026\/04\/13\/revision-avec-des-flashcards\/\" aria-label=\"R&eacute;visions avec des flashcards\"><img loading=\"lazy\" decoding=\"async\" width=\"150\" height=\"150\" src=\"https:\/\/i0.wp.com\/www.profartspla.site\/wordpress\/wp-content\/uploads\/2023\/10\/revisions-e1697879045755.jpg?resize=150%2C133&amp;ssl=1\" class=\"attachment-thumbnail size-thumbnail wp-post-image\" alt=\"\" style=\"max-width:38px;max-height:38px;\"\/><\/a><\/div><a class=\"wp-block-latest-posts__post-title\" href=\"https:\/\/www.profartspla.site\/wordpress\/2026\/04\/13\/revision-avec-des-flashcards\/\">R&eacute;visions avec des flashcards<\/a><time datetime=\"2026-04-13T18:25:53+02:00\" class=\"wp-block-latest-posts__post-date\">13 avril 2026<\/time><\/li>\n<li><div class=\"wp-block-latest-posts__featured-image alignleft\"><a href=\"https:\/\/www.profartspla.site\/wordpress\/2025\/09\/14\/methodologie-pour-un-projet-dexposition-accompagne-de-sa-note-dintention-en-premiere-specialite\/\" aria-label=\"M&eacute;thodologie pour un projet d&rsquo;exposition accompagn&eacute; de sa note d&rsquo;intention, en premi&egrave;re sp&eacute;cialit&eacute;\"><img loading=\"lazy\" decoding=\"async\" width=\"150\" height=\"141\" src=\"https:\/\/i0.wp.com\/www.profartspla.site\/wordpress\/wp-content\/uploads\/2023\/01\/sceno-e1675600840973.jpeg?resize=150%2C141&amp;ssl=1\" class=\"attachment-thumbnail size-thumbnail wp-post-image\" alt=\"\" style=\"max-width:38px;max-height:38px;\"\/><\/a><\/div><a class=\"wp-block-latest-posts__post-title\" href=\"https:\/\/www.profartspla.site\/wordpress\/2025\/09\/14\/methodologie-pour-un-projet-dexposition-accompagne-de-sa-note-dintention-en-premiere-specialite\/\">M&eacute;thodologie pour un projet d&rsquo;exposition accompagn&eacute; de sa note d&rsquo;intention, en premi&egrave;re sp&eacute;cialit&eacute;<\/a><time datetime=\"2025-09-14T18:42:33+02:00\" class=\"wp-block-latest-posts__post-date\">14 septembre 2025<\/time><\/li>\n<li><div class=\"wp-block-latest-posts__featured-image alignleft\"><a href=\"https:\/\/www.profartspla.site\/wordpress\/2025\/09\/03\/organisation-en-premiere-specialite-2025-2026\/\" aria-label=\"Organisation en Premi&egrave;re sp&eacute;cialit&eacute; : deux groupes avec deux enseignantes 2025-2026\"><img loading=\"lazy\" decoding=\"async\" width=\"150\" height=\"150\" src=\"https:\/\/i0.wp.com\/www.profartspla.site\/wordpress\/wp-content\/uploads\/2025\/02\/methodo-e1738519631474.jpeg?resize=150%2C119&amp;ssl=1\" class=\"attachment-thumbnail size-thumbnail wp-post-image\" alt=\"\" style=\"max-width:38px;max-height:38px;\"\/><\/a><\/div><a class=\"wp-block-latest-posts__post-title\" href=\"https:\/\/www.profartspla.site\/wordpress\/2025\/09\/03\/organisation-en-premiere-specialite-2025-2026\/\">Organisation en Premi&egrave;re sp&eacute;cialit&eacute; : deux groupes avec deux enseignantes 2025-2026<\/a><time datetime=\"2025-09-03T20:15:27+02:00\" class=\"wp-block-latest-posts__post-date\">3 septembre 2025<\/time><\/li>\n<li><div class=\"wp-block-latest-posts__featured-image alignleft\"><a href=\"https:\/\/www.profartspla.site\/wordpress\/2025\/05\/19\/pas-un-jour-sans-une-ligne-2024\/\" aria-label=\"&laquo;&nbsp;Pas un jour sans une ligne&nbsp;&raquo; : la pratique r&eacute;guli&egrave;re du croquis\"><img decoding=\"async\" src=\"https:\/\/i0.wp.com\/www.profartspla.site\/wordpress\/wp-content\/uploads\/2020\/01\/dessin_modele.jpg?resize=150%2C150&amp;ssl=1\" class=\"attachment-thumbnail size-thumbnail wp-post-image\" alt=\"\" style=\"max-width:38px;max-height:38px;\"\/><\/a><\/div><a class=\"wp-block-latest-posts__post-title\" href=\"https:\/\/www.profartspla.site\/wordpress\/2025\/05\/19\/pas-un-jour-sans-une-ligne-2024\/\">&laquo;&nbsp;Pas un jour sans une ligne&nbsp;&raquo; : la pratique r&eacute;guli&egrave;re du croquis<\/a><time datetime=\"2025-05-19T06:52:22+02:00\" class=\"wp-block-latest-posts__post-date\">19 mai 2025<\/time><\/li>\n<li><div class=\"wp-block-latest-posts__featured-image alignleft\"><a href=\"https:\/\/www.profartspla.site\/wordpress\/2025\/01\/19\/rendre-compte-de-son-travail-en-photographie-publiee-sur-netboard-2\/\" aria-label=\"Rendre compte de son travail en photographie publi&eacute;e sur Netboard\"><img loading=\"lazy\" decoding=\"async\" width=\"150\" height=\"150\" src=\"https:\/\/i0.wp.com\/www.profartspla.site\/wordpress\/wp-content\/uploads\/2025\/01\/Capture-decran-2025-01-19-a-17.10.41-e1737303138943.png?resize=150%2C150&amp;ssl=1\" class=\"attachment-thumbnail size-thumbnail wp-post-image\" alt=\"\" style=\"max-width:38px;max-height:38px;\"\/><\/a><\/div><a class=\"wp-block-latest-posts__post-title\" href=\"https:\/\/www.profartspla.site\/wordpress\/2025\/01\/19\/rendre-compte-de-son-travail-en-photographie-publiee-sur-netboard-2\/\">Rendre compte de son travail en photographie publi&eacute;e sur Netboard<\/a><time datetime=\"2025-01-19T17:12:26+01:00\" class=\"wp-block-latest-posts__post-date\">19 janvier 2025<\/time><\/li>\n<li><div class=\"wp-block-latest-posts__featured-image alignleft\"><a href=\"https:\/\/www.profartspla.site\/wordpress\/2025\/01\/12\/panorama-artistique-pour-se-construire-une-culture-artistique\/\" aria-label=\"Panorama artistique : pour se construire une culture artistique\"><img loading=\"lazy\" decoding=\"async\" width=\"150\" height=\"150\" src=\"https:\/\/i0.wp.com\/www.profartspla.site\/wordpress\/wp-content\/uploads\/2018\/05\/lignedutemps-1-e1736686279688.png?resize=150%2C150&amp;ssl=1\" class=\"attachment-thumbnail size-thumbnail wp-post-image\" alt=\"\" style=\"max-width:38px;max-height:38px;\"\/><\/a><\/div><a class=\"wp-block-latest-posts__post-title\" href=\"https:\/\/www.profartspla.site\/wordpress\/2025\/01\/12\/panorama-artistique-pour-se-construire-une-culture-artistique\/\">Panorama artistique : pour se construire une culture artistique<\/a><time datetime=\"2025-01-12T13:53:13+01:00\" class=\"wp-block-latest-posts__post-date\">12 janvier 2025<\/time><\/li>\n<li><div class=\"wp-block-latest-posts__featured-image alignleft\"><a href=\"https:\/\/www.profartspla.site\/wordpress\/2024\/09\/14\/arts-plastiques-in-english\/\" aria-label=\"Arts plastiques in english ;)\"><img loading=\"lazy\" decoding=\"async\" width=\"150\" height=\"116\" src=\"https:\/\/i0.wp.com\/www.profartspla.site\/wordpress\/wp-content\/uploads\/2024\/09\/apl-en.jpg?resize=150%2C116&amp;ssl=1\" class=\"attachment-thumbnail size-thumbnail wp-post-image\" alt=\"\" style=\"max-width:38px;max-height:38px;\"\/><\/a><\/div><a class=\"wp-block-latest-posts__post-title\" href=\"https:\/\/www.profartspla.site\/wordpress\/2024\/09\/14\/arts-plastiques-in-english\/\">Arts plastiques in english &#128521;<\/a><time datetime=\"2024-09-14T09:46:30+02:00\" class=\"wp-block-latest-posts__post-date\">14 septembre 2024<\/time><\/li>\n<li><div class=\"wp-block-latest-posts__featured-image alignleft\"><a href=\"https:\/\/www.profartspla.site\/wordpress\/2024\/09\/12\/office-pro-offert-par-la-region-lycee-4-0\/\" aria-label=\"Office Pro offert par la R&eacute;gion (lyc&eacute;e 4.0)\"><img loading=\"lazy\" decoding=\"async\" width=\"150\" height=\"150\" src=\"https:\/\/i0.wp.com\/www.profartspla.site\/wordpress\/wp-content\/uploads\/2017\/11\/Office-e1726158641950.png?resize=150%2C122&amp;ssl=1\" class=\"attachment-thumbnail size-thumbnail wp-post-image\" alt=\"\" style=\"max-width:38px;max-height:38px;\"\/><\/a><\/div><a class=\"wp-block-latest-posts__post-title\" href=\"https:\/\/www.profartspla.site\/wordpress\/2024\/09\/12\/office-pro-offert-par-la-region-lycee-4-0\/\">Office Pro offert par la R&eacute;gion (lyc&eacute;e 4.0)<\/a><time datetime=\"2024-09-12T18:02:27+02:00\" class=\"wp-block-latest-posts__post-date\">12 septembre 2024<\/time><\/li>\n<li><div class=\"wp-block-latest-posts__featured-image alignleft\"><a href=\"https:\/\/www.profartspla.site\/wordpress\/2024\/09\/09\/comparer-des-oeuvres-autour-dune-notion\/\" aria-label=\"Comparer des oeuvres autour d&rsquo;une notion\"><img loading=\"lazy\" decoding=\"async\" width=\"150\" height=\"150\" src=\"https:\/\/i0.wp.com\/www.profartspla.site\/wordpress\/wp-content\/uploads\/2024\/09\/notions-e1726124171672.png?resize=150%2C102&amp;ssl=1\" class=\"attachment-thumbnail size-thumbnail wp-post-image\" alt=\"\" style=\"max-width:38px;max-height:38px;\"\/><\/a><\/div><a class=\"wp-block-latest-posts__post-title\" href=\"https:\/\/www.profartspla.site\/wordpress\/2024\/09\/09\/comparer-des-oeuvres-autour-dune-notion\/\">Comparer des oeuvres autour d&rsquo;une notion<\/a><time datetime=\"2024-09-09T21:49:33+02:00\" class=\"wp-block-latest-posts__post-date\">9 septembre 2024<\/time><\/li>\n<li><div class=\"wp-block-latest-posts__featured-image alignleft\"><a href=\"https:\/\/www.profartspla.site\/wordpress\/2023\/09\/05\/programmes-en-specialite-arts-plastiques\/\" aria-label=\"Programmes en sp&eacute;cialit&eacute; arts plastiques\"><img loading=\"lazy\" decoding=\"async\" width=\"150\" height=\"150\" src=\"https:\/\/i0.wp.com\/www.profartspla.site\/wordpress\/wp-content\/uploads\/2022\/07\/term_mots_prog-1.png?resize=150%2C150&amp;ssl=1\" class=\"attachment-thumbnail size-thumbnail wp-post-image\" alt=\"\" style=\"max-width:38px;max-height:38px;\" srcset=\"https:\/\/i0.wp.com\/www.profartspla.site\/wordpress\/wp-content\/uploads\/2022\/07\/term_mots_prog-1.png?resize=150%2C150&amp;ssl=1 150w, https:\/\/i0.wp.com\/www.profartspla.site\/wordpress\/wp-content\/uploads\/2022\/07\/term_mots_prog-1.png?zoom=2&amp;resize=150%2C150&amp;ssl=1 300w\" sizes=\"auto, (max-width: 150px) 100vw, 150px\"\/><\/a><\/div><a class=\"wp-block-latest-posts__post-title\" href=\"https:\/\/www.profartspla.site\/wordpress\/2023\/09\/05\/programmes-en-specialite-arts-plastiques\/\">Programmes en sp&eacute;cialit&eacute; arts plastiques<\/a><time datetime=\"2023-09-05T21:19:07+02:00\" class=\"wp-block-latest-posts__post-date\">5 septembre 2023<\/time><\/li>\n<li><div class=\"wp-block-latest-posts__featured-image alignleft\"><a href=\"https:\/\/www.profartspla.site\/wordpress\/2021\/03\/04\/comment-referencer-une-oeuvre-d-art-dans-un-document\/\" aria-label=\"Comment r&eacute;f&eacute;rencer une oeuvre d&rsquo;art dans un document ?\"><img loading=\"lazy\" decoding=\"async\" width=\"150\" height=\"150\" src=\"https:\/\/i0.wp.com\/www.profartspla.site\/wordpress\/wp-content\/uploads\/2021\/03\/IMG_1130-e1735150925105.jpeg?resize=150%2C144&amp;ssl=1\" class=\"attachment-thumbnail size-thumbnail wp-post-image\" alt=\"\" style=\"max-width:38px;max-height:38px;\"\/><\/a><\/div><a class=\"wp-block-latest-posts__post-title\" href=\"https:\/\/www.profartspla.site\/wordpress\/2021\/03\/04\/comment-referencer-une-oeuvre-d-art-dans-un-document\/\">Comment r&eacute;f&eacute;rencer une oeuvre d&rsquo;art dans un document ?<\/a><time datetime=\"2021-03-04T13:54:13+01:00\" class=\"wp-block-latest-posts__post-date\">4 mars 2021<\/time><\/li>\n<li><div class=\"wp-block-latest-posts__featured-image alignleft\"><a href=\"https:\/\/www.profartspla.site\/wordpress\/2021\/02\/01\/une-notion-une-entree-de-programme-un-mot-cle-en-180-secondes\/\" aria-label=\"Une entr&eacute;e de programme en 180 secondes\"><img decoding=\"async\" src=\"https:\/\/i0.wp.com\/www.profartspla.site\/wordpress\/wp-content\/uploads\/2021\/02\/pngegg.png?resize=150%2C150&amp;ssl=1\" class=\"attachment-thumbnail size-thumbnail wp-post-image\" alt=\"\" style=\"max-width:38px;max-height:38px;\"\/><\/a><\/div><a class=\"wp-block-latest-posts__post-title\" href=\"https:\/\/www.profartspla.site\/wordpress\/2021\/02\/01\/une-notion-une-entree-de-programme-un-mot-cle-en-180-secondes\/\">Une entr&eacute;e de programme en 180 secondes<\/a><time datetime=\"2021-02-01T08:18:13+01:00\" class=\"wp-block-latest-posts__post-date\">1 f&eacute;vrier 2021<\/time><\/li>\n<li><div class=\"wp-block-latest-posts__featured-image alignleft\"><a href=\"https:\/\/www.profartspla.site\/wordpress\/2015\/04\/26\/methodes-analyse-oeuvres-domaines\/\" aria-label=\"M&eacute;thodes d&rsquo;analyse des oeuvres d&rsquo;art par domaine\"><img loading=\"lazy\" decoding=\"async\" width=\"150\" height=\"144\" src=\"https:\/\/i0.wp.com\/www.profartspla.site\/wordpress\/wp-content\/uploads\/2015\/04\/analyse-e1668171899340.png?resize=150%2C144&amp;ssl=1\" class=\"attachment-thumbnail size-thumbnail wp-post-image\" alt=\"\" style=\"max-width:38px;max-height:38px;\"\/><\/a><\/div><a class=\"wp-block-latest-posts__post-title\" href=\"https:\/\/www.profartspla.site\/wordpress\/2015\/04\/26\/methodes-analyse-oeuvres-domaines\/\">M&eacute;thodes d&rsquo;analyse des oeuvres d&rsquo;art par domaine<\/a><time datetime=\"2015-04-26T15:22:54+02:00\" class=\"wp-block-latest-posts__post-date\">26 avril 2015<\/time><\/li>\n<\/ul><\/div>\n\n\n\n<div class=\"wp-block-column has-black-color has-text-color has-background has-link-color wp-elements-299a66c53f883313f08d0e515cf15c46 is-layout-flow wp-block-column-is-layout-flow\" style=\"background-color:#fdd4b6\">\n<p class=\"has-text-align-center\"><strong>Le GRAND ORAL<\/strong><\/p>\n\n\n<ul class=\"wp-block-latest-posts__list has-dates aligncenter wp-block-latest-posts\"><li><div class=\"wp-block-latest-posts__featured-image alignleft\"><a href=\"https:\/\/www.profartspla.site\/wordpress\/2024\/05\/11\/grand-oral-5-minutes-de-presentation-duplicate-1\/\" aria-label=\"Grand Oral : 10 minutes de pr&eacute;sentation-2024\"><img loading=\"lazy\" decoding=\"async\" width=\"150\" height=\"150\" src=\"https:\/\/i0.wp.com\/www.profartspla.site\/wordpress\/wp-content\/uploads\/2021\/05\/oral-e1679811725634.jpg?resize=150%2C150&amp;ssl=1\" class=\"attachment-thumbnail size-thumbnail wp-post-image\" alt=\"\" style=\"max-width:38px;max-height:38px;\" srcset=\"https:\/\/i0.wp.com\/www.profartspla.site\/wordpress\/wp-content\/uploads\/2021\/05\/oral-e1679811725634.jpg?w=200&amp;ssl=1 200w, https:\/\/i0.wp.com\/www.profartspla.site\/wordpress\/wp-content\/uploads\/2021\/05\/oral-e1679811725634.jpg?resize=150%2C150&amp;ssl=1 150w, https:\/\/i0.wp.com\/www.profartspla.site\/wordpress\/wp-content\/uploads\/2021\/05\/oral-e1679811725634.jpg?resize=60%2C60&amp;ssl=1 60w\" sizes=\"auto, (max-width: 150px) 100vw, 150px\"\/><\/a><\/div><a class=\"wp-block-latest-posts__post-title\" href=\"https:\/\/www.profartspla.site\/wordpress\/2024\/05\/11\/grand-oral-5-minutes-de-presentation-duplicate-1\/\">Grand Oral : 10 minutes de pr&eacute;sentation-2024<\/a><time datetime=\"2024-05-11T11:14:43+02:00\" class=\"wp-block-latest-posts__post-date\">11 mai 2024<\/time><\/li>\n<li><div class=\"wp-block-latest-posts__featured-image alignleft\"><a href=\"https:\/\/www.profartspla.site\/wordpress\/2023\/05\/22\/grand-oral-5-minutes-de-presentation\/\" aria-label=\"Grand Oral : 5 minutes de pr&eacute;sentation\"><img loading=\"lazy\" decoding=\"async\" width=\"150\" height=\"150\" src=\"https:\/\/i0.wp.com\/www.profartspla.site\/wordpress\/wp-content\/uploads\/2021\/05\/oral-e1679811725634.jpg?resize=150%2C150&amp;ssl=1\" class=\"attachment-thumbnail size-thumbnail wp-post-image\" alt=\"\" style=\"max-width:38px;max-height:38px;\" srcset=\"https:\/\/i0.wp.com\/www.profartspla.site\/wordpress\/wp-content\/uploads\/2021\/05\/oral-e1679811725634.jpg?w=200&amp;ssl=1 200w, https:\/\/i0.wp.com\/www.profartspla.site\/wordpress\/wp-content\/uploads\/2021\/05\/oral-e1679811725634.jpg?resize=150%2C150&amp;ssl=1 150w, https:\/\/i0.wp.com\/www.profartspla.site\/wordpress\/wp-content\/uploads\/2021\/05\/oral-e1679811725634.jpg?resize=60%2C60&amp;ssl=1 60w\" sizes=\"auto, (max-width: 150px) 100vw, 150px\"\/><\/a><\/div><a class=\"wp-block-latest-posts__post-title\" href=\"https:\/\/www.profartspla.site\/wordpress\/2023\/05\/22\/grand-oral-5-minutes-de-presentation\/\">Grand Oral : 5 minutes de pr&eacute;sentation<\/a><time datetime=\"2023-05-22T05:59:18+02:00\" class=\"wp-block-latest-posts__post-date\">22 mai 2023<\/time><\/li>\n<li><div class=\"wp-block-latest-posts__featured-image alignleft\"><a href=\"https:\/\/www.profartspla.site\/wordpress\/2022\/07\/01\/une-ressource-pour-le-travail-interdisciplinaire-et-les-questions-transversales-du-grand-oral\/\" aria-label=\"Une ressource pour le travail interdisciplinaire et les questions transversales du Grand Oral :\"><img loading=\"lazy\" decoding=\"async\" width=\"150\" height=\"150\" src=\"https:\/\/i0.wp.com\/www.profartspla.site\/wordpress\/wp-content\/uploads\/2022\/07\/artssciences-e1679811832942.png?resize=150%2C150&amp;ssl=1\" class=\"attachment-thumbnail size-thumbnail wp-post-image\" alt=\"\" style=\"max-width:38px;max-height:38px;\"\/><\/a><\/div><a class=\"wp-block-latest-posts__post-title\" href=\"https:\/\/www.profartspla.site\/wordpress\/2022\/07\/01\/une-ressource-pour-le-travail-interdisciplinaire-et-les-questions-transversales-du-grand-oral\/\">Une ressource pour le travail interdisciplinaire et les questions transversales du Grand Oral :<\/a><time datetime=\"2022-07-01T20:26:01+02:00\" class=\"wp-block-latest-posts__post-date\">1 juillet 2022<\/time><\/li>\n<li><div class=\"wp-block-latest-posts__featured-image alignleft\"><a href=\"https:\/\/www.profartspla.site\/wordpress\/2022\/06\/25\/les-netboard-comme-outils-suivi-go\/\" aria-label=\"Les netboard comme outils de suivi pour le Grand Oral\"><img loading=\"lazy\" decoding=\"async\" width=\"150\" height=\"103\" src=\"https:\/\/i0.wp.com\/www.profartspla.site\/wordpress\/wp-content\/uploads\/2022\/09\/netboard-1-e1665329758344.jpeg?resize=150%2C103&amp;ssl=1\" class=\"attachment-thumbnail size-thumbnail wp-post-image\" alt=\"\" style=\"max-width:38px;max-height:38px;\"\/><\/a><\/div><a class=\"wp-block-latest-posts__post-title\" href=\"https:\/\/www.profartspla.site\/wordpress\/2022\/06\/25\/les-netboard-comme-outils-suivi-go\/\">Les netboard comme outils de suivi pour le Grand Oral<\/a><time datetime=\"2022-06-25T11:09:35+02:00\" class=\"wp-block-latest-posts__post-date\">25 juin 2022<\/time><\/li>\n<li><div class=\"wp-block-latest-posts__featured-image alignleft\"><a href=\"https:\/\/www.profartspla.site\/wordpress\/2021\/05\/04\/entrainement-et-aide-a-la-preparation-du-grand-oral\/\" aria-label=\"Entrainements et aides &agrave; la pr&eacute;paration du Grand Oral\"><img loading=\"lazy\" decoding=\"async\" width=\"150\" height=\"150\" src=\"https:\/\/i0.wp.com\/www.profartspla.site\/wordpress\/wp-content\/uploads\/2021\/05\/oral-e1679811725634.jpg?resize=150%2C150&amp;ssl=1\" class=\"attachment-thumbnail size-thumbnail wp-post-image\" alt=\"\" style=\"max-width:38px;max-height:38px;\" srcset=\"https:\/\/i0.wp.com\/www.profartspla.site\/wordpress\/wp-content\/uploads\/2021\/05\/oral-e1679811725634.jpg?w=200&amp;ssl=1 200w, https:\/\/i0.wp.com\/www.profartspla.site\/wordpress\/wp-content\/uploads\/2021\/05\/oral-e1679811725634.jpg?resize=150%2C150&amp;ssl=1 150w, https:\/\/i0.wp.com\/www.profartspla.site\/wordpress\/wp-content\/uploads\/2021\/05\/oral-e1679811725634.jpg?resize=60%2C60&amp;ssl=1 60w\" sizes=\"auto, (max-width: 150px) 100vw, 150px\"\/><\/a><\/div><a class=\"wp-block-latest-posts__post-title\" href=\"https:\/\/www.profartspla.site\/wordpress\/2021\/05\/04\/entrainement-et-aide-a-la-preparation-du-grand-oral\/\">Entrainements et aides &agrave; la pr&eacute;paration du Grand Oral<\/a><time datetime=\"2021-05-04T11:16:40+02:00\" class=\"wp-block-latest-posts__post-date\">4 mai 2021<\/time><\/li>\n<li><div class=\"wp-block-latest-posts__featured-image alignleft\"><a href=\"https:\/\/www.profartspla.site\/wordpress\/2021\/04\/08\/une-carte-mentale-pour-presenter-ma-question-du-grand-oral\/\" aria-label=\"Une carte mentale pour pr&eacute;senter ma question du Grand Oral\"><img loading=\"lazy\" decoding=\"async\" width=\"150\" height=\"112\" src=\"https:\/\/i0.wp.com\/www.profartspla.site\/wordpress\/wp-content\/uploads\/2021\/04\/mindmap-e1679824212608.jpg?resize=150%2C112&amp;ssl=1\" class=\"attachment-thumbnail size-thumbnail wp-post-image\" alt=\"\" style=\"max-width:38px;max-height:38px;\"\/><\/a><\/div><a class=\"wp-block-latest-posts__post-title\" href=\"https:\/\/www.profartspla.site\/wordpress\/2021\/04\/08\/une-carte-mentale-pour-presenter-ma-question-du-grand-oral\/\">Une carte mentale pour pr&eacute;senter ma question du Grand Oral<\/a><time datetime=\"2021-04-08T07:52:34+02:00\" class=\"wp-block-latest-posts__post-date\">8 avril 2021<\/time><\/li>\n<li><div class=\"wp-block-latest-posts__featured-image alignleft\"><a href=\"https:\/\/www.profartspla.site\/wordpress\/2015\/04\/26\/methodes-analyse-oeuvres-domaines\/\" aria-label=\"M&eacute;thodes d&rsquo;analyse des oeuvres d&rsquo;art par domaine\"><img loading=\"lazy\" decoding=\"async\" width=\"150\" height=\"144\" src=\"https:\/\/i0.wp.com\/www.profartspla.site\/wordpress\/wp-content\/uploads\/2015\/04\/analyse-e1668171899340.png?resize=150%2C144&amp;ssl=1\" class=\"attachment-thumbnail size-thumbnail wp-post-image\" alt=\"\" style=\"max-width:38px;max-height:38px;\"\/><\/a><\/div><a class=\"wp-block-latest-posts__post-title\" href=\"https:\/\/www.profartspla.site\/wordpress\/2015\/04\/26\/methodes-analyse-oeuvres-domaines\/\">M&eacute;thodes d&rsquo;analyse des oeuvres d&rsquo;art par domaine<\/a><time datetime=\"2015-04-26T15:22:54+02:00\" class=\"wp-block-latest-posts__post-date\">26 avril 2015<\/time><\/li>\n<\/ul><\/div>\n<\/div>\n","protected":false},"excerpt":{"rendered":"<p>Les COURS : culture et pratique La METHODO Le GRAND ORAL<\/p>\n","protected":false},"author":1,"featured_media":20734,"parent":0,"menu_order":0,"comment_status":"closed","ping_status":"closed","template":"","meta":{"footnotes":""},"class_list":["post-20733","page","type-page","status-publish","has-post-thumbnail","hentry"],"jetpack_sharing_enabled":true,"_links":{"self":[{"href":"https:\/\/www.profartspla.site\/wordpress\/wp-json\/wp\/v2\/pages\/20733","targetHints":{"allow":["GET"]}}],"collection":[{"href":"https:\/\/www.profartspla.site\/wordpress\/wp-json\/wp\/v2\/pages"}],"about":[{"href":"https:\/\/www.profartspla.site\/wordpress\/wp-json\/wp\/v2\/types\/page"}],"author":[{"embeddable":true,"href":"https:\/\/www.profartspla.site\/wordpress\/wp-json\/wp\/v2\/users\/1"}],"replies":[{"embeddable":true,"href":"https:\/\/www.profartspla.site\/wordpress\/wp-json\/wp\/v2\/comments?post=20733"}],"version-history":[{"count":5,"href":"https:\/\/www.profartspla.site\/wordpress\/wp-json\/wp\/v2\/pages\/20733\/revisions"}],"predecessor-version":[{"id":25650,"href":"https:\/\/www.profartspla.site\/wordpress\/wp-json\/wp\/v2\/pages\/20733\/revisions\/25650"}],"wp:featuredmedia":[{"embeddable":true,"href":"https:\/\/www.profartspla.site\/wordpress\/wp-json\/wp\/v2\/media\/20734"}],"wp:attachment":[{"href":"https:\/\/www.profartspla.site\/wordpress\/wp-json\/wp\/v2\/media?parent=20733"}],"curies":[{"name":"wp","href":"https:\/\/api.w.org\/{rel}","templated":true}]}}