{"id":30203,"date":"2026-08-31T18:27:14","date_gmt":"2026-08-31T16:27:14","guid":{"rendered":"https:\/\/www.profartspla.site\/wordpress\/?page_id=30203"},"modified":"2026-08-31T18:38:54","modified_gmt":"2026-08-31T16:38:54","slug":"terminale-specialite20262027","status":"publish","type":"page","link":"https:\/\/www.profartspla.site\/wordpress\/terminale-specialite20262027\/","title":{"rendered":"Terminale Sp\u00e9cialit\u00e9 2026-2027"},"content":{"rendered":"\n<div class=\"wp-block-columns is-layout-flex wp-container-core-columns-is-layout-8f761849 wp-block-columns-is-layout-flex\">\n<div class=\"wp-block-column has-black-color has-text-color has-background has-link-color wp-elements-1 is-layout-flow wp-block-column-is-layout-flow\" style=\"background-color:#fcb90036\">\n<p class=\"has-text-align-center wp-block-paragraph\"><strong>Les COURS : culture et pratique<\/strong><\/p>\n\n\n<ul class=\"wp-block-latest-posts__list has-dates aligncenter wp-block-latest-posts is-layout-flow wp-block-latest-posts-is-layout-flow\"><li><div class=\"wp-block-latest-posts__featured-image alignleft\"><a href=\"https:\/\/www.profartspla.site\/wordpress\/2026\/08\/31\/epreuves-en-arts-plastiques-au-baccalaureat-session-2027\/\" aria-label=\"Epreuves en arts plastiques au baccalaur\u00e9at, session 2027\"><img loading=\"lazy\" decoding=\"async\" width=\"150\" height=\"111\" src=\"https:\/\/i0.wp.com\/www.profartspla.site\/wordpress\/wp-content\/uploads\/2026\/03\/bac2027.jpg?resize=150%2C111&amp;ssl=1\" class=\"attachment-thumbnail size-thumbnail wp-post-image\" alt=\"\" style=\"max-width:38px;max-height:38px;\" \/><\/a><\/div><a class=\"wp-block-latest-posts__post-title\" href=\"https:\/\/www.profartspla.site\/wordpress\/2026\/08\/31\/epreuves-en-arts-plastiques-au-baccalaureat-session-2027\/\">Epreuves en arts plastiques au baccalaur\u00e9at, session 2027<\/a><time datetime=\"2026-08-31T18:46:06+02:00\" class=\"wp-block-latest-posts__post-date\">31 ao\u00fbt 2026<\/time><\/li>\n<li><div class=\"wp-block-latest-posts__featured-image alignleft\"><a href=\"https:\/\/www.profartspla.site\/wordpress\/2026\/07\/18\/le-musee-guggenheim-de-bilbao-en-espagne-par-frank-gehry\/\" aria-label=\"Le Mus\u00e9e Guggenheim de Bilbao, en Espagne, par Frank GEHRY\"><img loading=\"lazy\" decoding=\"async\" width=\"150\" height=\"96\" src=\"https:\/\/i0.wp.com\/www.profartspla.site\/wordpress\/wp-content\/uploads\/2026\/07\/vign_musee_guggeheim_bilbao.png?resize=150%2C96&amp;ssl=1\" class=\"attachment-thumbnail size-thumbnail wp-post-image\" alt=\"\" style=\"max-width:38px;max-height:38px;\" \/><\/a><\/div><a class=\"wp-block-latest-posts__post-title\" href=\"https:\/\/www.profartspla.site\/wordpress\/2026\/07\/18\/le-musee-guggenheim-de-bilbao-en-espagne-par-frank-gehry\/\">Le Mus\u00e9e Guggenheim de Bilbao, en Espagne, par Frank GEHRY<\/a><time datetime=\"2026-07-18T18:31:24+02:00\" class=\"wp-block-latest-posts__post-date\">18 juillet 2026<\/time><\/li>\n<li><div class=\"wp-block-latest-posts__featured-image alignleft\"><a href=\"https:\/\/www.profartspla.site\/wordpress\/2026\/07\/05\/questionnements-plasticiens2026\/\" aria-label=\"Questionnements plasticiens (m\u00e0j 2026)\"><img loading=\"lazy\" decoding=\"async\" width=\"150\" height=\"100\" src=\"https:\/\/i0.wp.com\/www.profartspla.site\/wordpress\/wp-content\/uploads\/2026\/07\/questionnements.jpg?resize=150%2C100&amp;ssl=1\" class=\"attachment-thumbnail size-thumbnail wp-post-image\" alt=\"\" style=\"max-width:38px;max-height:38px;\" \/><\/a><\/div><a class=\"wp-block-latest-posts__post-title\" href=\"https:\/\/www.profartspla.site\/wordpress\/2026\/07\/05\/questionnements-plasticiens2026\/\">Questionnements plasticiens (m\u00e0j 2026)<\/a><time datetime=\"2026-07-05T13:40:21+02:00\" class=\"wp-block-latest-posts__post-date\">5 juillet 2026<\/time><\/li>\n<li><div class=\"wp-block-latest-posts__featured-image alignleft\"><a href=\"https:\/\/www.profartspla.site\/wordpress\/2026\/07\/04\/la-premiere-photographie\/\" aria-label=\"Bicentenaire de la photographie : naissance d&rsquo;une nouvelle technique de la repr\u00e9sentation\"><img loading=\"lazy\" decoding=\"async\" width=\"150\" height=\"139\" src=\"https:\/\/i0.wp.com\/www.profartspla.site\/wordpress\/wp-content\/uploads\/2023\/04\/niepce-e1681908616907.png?resize=150%2C139&amp;ssl=1\" class=\"attachment-thumbnail size-thumbnail wp-post-image\" alt=\"\" style=\"max-width:38px;max-height:38px;\" \/><\/a><\/div><a class=\"wp-block-latest-posts__post-title\" href=\"https:\/\/www.profartspla.site\/wordpress\/2026\/07\/04\/la-premiere-photographie\/\">Bicentenaire de la photographie : naissance d&rsquo;une nouvelle technique de la repr\u00e9sentation<\/a><time datetime=\"2026-07-04T10:38:03+02:00\" class=\"wp-block-latest-posts__post-date\">4 juillet 2026<\/time><\/li>\n<li><div class=\"wp-block-latest-posts__featured-image alignleft\"><a href=\"https:\/\/www.profartspla.site\/wordpress\/2026\/06\/25\/theme-au-baccalaureat-session-2027-doc_augm_reel\/\" aria-label=\"Documenter ou augmenter le r\u00e9el : th\u00e8me au baccalaur\u00e9at, session 2027\"><img loading=\"lazy\" decoding=\"async\" width=\"150\" height=\"150\" src=\"https:\/\/i0.wp.com\/www.profartspla.site\/wordpress\/wp-content\/uploads\/2026\/06\/vernet_gursky_vignette-e1782400223367.jpg?resize=150%2C121&amp;ssl=1\" class=\"attachment-thumbnail size-thumbnail wp-post-image\" alt=\"\" style=\"max-width:38px;max-height:38px;\" \/><\/a><\/div><a class=\"wp-block-latest-posts__post-title\" href=\"https:\/\/www.profartspla.site\/wordpress\/2026\/06\/25\/theme-au-baccalaureat-session-2027-doc_augm_reel\/\">Documenter ou augmenter le r\u00e9el : th\u00e8me au baccalaur\u00e9at, session 2027<\/a><time datetime=\"2026-06-25T17:25:56+02:00\" class=\"wp-block-latest-posts__post-date\">25 juin 2026<\/time><\/li>\n<li><div class=\"wp-block-latest-posts__featured-image alignleft\"><a href=\"https:\/\/www.profartspla.site\/wordpress\/2026\/06\/23\/programme-des-themes-oeuvres-et-axes-de-programmes-de-reference-pour-le-baccalaureat-session-2027\/\" aria-label=\"Programme des th\u00e8mes, oeuvres et axes de programmes de r\u00e9f\u00e9rence pour le baccalaur\u00e9at, session 2027\"><img loading=\"lazy\" decoding=\"async\" width=\"150\" height=\"124\" src=\"https:\/\/i0.wp.com\/www.profartspla.site\/wordpress\/wp-content\/uploads\/2026\/06\/4oeuvres_prog2027_vignette.png.jpg?resize=150%2C124&amp;ssl=1\" class=\"attachment-thumbnail size-thumbnail wp-post-image\" alt=\"\" style=\"max-width:38px;max-height:38px;\" \/><\/a><\/div><a class=\"wp-block-latest-posts__post-title\" href=\"https:\/\/www.profartspla.site\/wordpress\/2026\/06\/23\/programme-des-themes-oeuvres-et-axes-de-programmes-de-reference-pour-le-baccalaureat-session-2027\/\">Programme des th\u00e8mes, oeuvres et axes de programmes de r\u00e9f\u00e9rence pour le baccalaur\u00e9at, session 2027<\/a><time datetime=\"2026-06-23T17:05:15+02:00\" class=\"wp-block-latest-posts__post-date\">23 juin 2026<\/time><\/li>\n<li><div class=\"wp-block-latest-posts__featured-image alignleft\"><a href=\"https:\/\/www.profartspla.site\/wordpress\/2026\/06\/23\/joseph-vernet-2027\/\" aria-label=\"Pr\u00e9sentation des \u0153uvres, th\u00e8mes, et questions de r\u00e9f\u00e9rence au programme du baccalaur\u00e9at : Joseph Vernet, La ville et la rade de Toulon, BAC 2027\"><img loading=\"lazy\" decoding=\"async\" width=\"150\" height=\"150\" src=\"https:\/\/i0.wp.com\/www.profartspla.site\/wordpress\/wp-content\/uploads\/2024\/06\/portrait-vernet-e1719164272813.png?resize=150%2C119&amp;ssl=1\" class=\"attachment-thumbnail size-thumbnail wp-post-image\" alt=\"\" style=\"max-width:38px;max-height:38px;\" \/><\/a><\/div><a class=\"wp-block-latest-posts__post-title\" href=\"https:\/\/www.profartspla.site\/wordpress\/2026\/06\/23\/joseph-vernet-2027\/\">Pr\u00e9sentation des \u0153uvres, th\u00e8mes, et questions de r\u00e9f\u00e9rence au programme du baccalaur\u00e9at : Joseph Vernet, La ville et la rade de Toulon, BAC 2027<\/a><time datetime=\"2026-06-23T16:55:44+02:00\" class=\"wp-block-latest-posts__post-date\">23 juin 2026<\/time><\/li>\n<li><div class=\"wp-block-latest-posts__featured-image alignleft\"><a href=\"https:\/\/www.profartspla.site\/wordpress\/2026\/06\/23\/andreas-gursky-2027\/\" aria-label=\"Pr\u00e9sentation des \u0153uvres, th\u00e8mes, et questions de r\u00e9f\u00e9rence au programme du baccalaur\u00e9at : Andreas Gursky, 99 Cent &#8211; BAC 2027\"><img loading=\"lazy\" decoding=\"async\" width=\"150\" height=\"150\" src=\"https:\/\/i0.wp.com\/www.profartspla.site\/wordpress\/wp-content\/uploads\/2024\/05\/gursky_portrait-e1716400402451.jpg?resize=150%2C113&amp;ssl=1\" class=\"attachment-thumbnail size-thumbnail wp-post-image\" alt=\"\" style=\"max-width:38px;max-height:38px;\" \/><\/a><\/div><a class=\"wp-block-latest-posts__post-title\" href=\"https:\/\/www.profartspla.site\/wordpress\/2026\/06\/23\/andreas-gursky-2027\/\">Pr\u00e9sentation des \u0153uvres, th\u00e8mes, et questions de r\u00e9f\u00e9rence au programme du baccalaur\u00e9at : Andreas Gursky, 99 Cent &#8211; BAC 2027<\/a><time datetime=\"2026-06-23T15:44:33+02:00\" class=\"wp-block-latest-posts__post-date\">23 juin 2026<\/time><\/li>\n<li><div class=\"wp-block-latest-posts__featured-image alignleft\"><a href=\"https:\/\/www.profartspla.site\/wordpress\/2026\/06\/21\/theme-au-baccalaureat-session-2027\/\" aria-label=\"Exp\u00e9rience des espaces physiques et symboliques de l\u2019\u0153uvre : th\u00e8me au baccalaur\u00e9at, session 2027\"><img loading=\"lazy\" decoding=\"async\" width=\"150\" height=\"150\" src=\"https:\/\/i0.wp.com\/www.profartspla.site\/wordpress\/wp-content\/uploads\/2026\/06\/expe.jpg?resize=150%2C150&amp;ssl=1\" class=\"attachment-thumbnail size-thumbnail wp-post-image\" alt=\"\" style=\"max-width:38px;max-height:38px;\" srcset=\"https:\/\/i0.wp.com\/www.profartspla.site\/wordpress\/wp-content\/uploads\/2026\/06\/expe.jpg?resize=150%2C150&amp;ssl=1 150w, https:\/\/i0.wp.com\/www.profartspla.site\/wordpress\/wp-content\/uploads\/2026\/06\/expe.jpg?zoom=2&amp;resize=150%2C150&amp;ssl=1 300w\" sizes=\"auto, (max-width: 150px) 100vw, 150px\" \/><\/a><\/div><a class=\"wp-block-latest-posts__post-title\" href=\"https:\/\/www.profartspla.site\/wordpress\/2026\/06\/21\/theme-au-baccalaureat-session-2027\/\">Exp\u00e9rience des espaces physiques et symboliques de l\u2019\u0153uvre : th\u00e8me au baccalaur\u00e9at, session 2027<\/a><time datetime=\"2026-06-21T13:47:57+02:00\" class=\"wp-block-latest-posts__post-date\">21 juin 2026<\/time><\/li>\n<li><div class=\"wp-block-latest-posts__featured-image alignleft\"><a href=\"https:\/\/www.profartspla.site\/wordpress\/2026\/06\/14\/corpus-a-compter-de-la-rentree-scolaire-2026-pour-le-baccalaureat-session-2027\/\" aria-label=\"Corpus d&rsquo;oeuvres et axes de programme \u00e0 compter de la rentr\u00e9e scolaire 2026 pour le baccalaur\u00e9at session 2027\"><img loading=\"lazy\" decoding=\"async\" width=\"150\" height=\"111\" src=\"https:\/\/i0.wp.com\/www.profartspla.site\/wordpress\/wp-content\/uploads\/2026\/03\/bac2027.jpg?resize=150%2C111&amp;ssl=1\" class=\"attachment-thumbnail size-thumbnail wp-post-image\" alt=\"\" style=\"max-width:38px;max-height:38px;\" \/><\/a><\/div><a class=\"wp-block-latest-posts__post-title\" href=\"https:\/\/www.profartspla.site\/wordpress\/2026\/06\/14\/corpus-a-compter-de-la-rentree-scolaire-2026-pour-le-baccalaureat-session-2027\/\">Corpus d&rsquo;oeuvres et axes de programme \u00e0 compter de la rentr\u00e9e scolaire 2026 pour le baccalaur\u00e9at session 2027<\/a><time datetime=\"2026-06-14T19:33:08+02:00\" class=\"wp-block-latest-posts__post-date\">14 juin 2026<\/time><\/li>\n<li><div class=\"wp-block-latest-posts__featured-image alignleft\"><a href=\"https:\/\/www.profartspla.site\/wordpress\/2026\/06\/14\/maman-de-louise-bourgeois-oeuvre-au-baccalaureat-session-2027-2\/\" aria-label=\"Maman de Louise BOURGEOIS, oeuvre au baccalaur\u00e9at, session 2027\"><img loading=\"lazy\" decoding=\"async\" width=\"150\" height=\"150\" src=\"https:\/\/i0.wp.com\/www.profartspla.site\/wordpress\/wp-content\/uploads\/2026\/06\/louise_bourgeois2-e1781429421990.jpg?resize=150%2C150&amp;ssl=1\" class=\"attachment-thumbnail size-thumbnail wp-post-image\" alt=\"\" style=\"max-width:38px;max-height:38px;\" \/><\/a><\/div><a class=\"wp-block-latest-posts__post-title\" href=\"https:\/\/www.profartspla.site\/wordpress\/2026\/06\/14\/maman-de-louise-bourgeois-oeuvre-au-baccalaureat-session-2027-2\/\">Maman de Louise BOURGEOIS, oeuvre au baccalaur\u00e9at, session 2027<\/a><time datetime=\"2026-06-14T11:29:50+02:00\" class=\"wp-block-latest-posts__post-date\">14 juin 2026<\/time><\/li>\n<\/ul><\/div>\n\n\n\n<div class=\"wp-block-column has-black-color has-text-color has-background has-link-color wp-elements-2 is-layout-flow wp-block-column-is-layout-flow\" style=\"background-color:#7bdbb547\">\n<p class=\"has-text-align-center wp-block-paragraph\"><strong>La METHODO <\/strong><\/p>\n\n\n<ul class=\"wp-block-latest-posts__list has-dates aligncenter wp-block-latest-posts is-layout-flow wp-block-latest-posts-is-layout-flow\"><li><div class=\"wp-block-latest-posts__featured-image alignleft\"><a href=\"https:\/\/www.profartspla.site\/wordpress\/2026\/08\/31\/epreuves-en-arts-plastiques-au-baccalaureat-session-2027\/\" aria-label=\"Epreuves en arts plastiques au baccalaur\u00e9at, session 2027\"><img loading=\"lazy\" decoding=\"async\" width=\"150\" height=\"111\" src=\"https:\/\/i0.wp.com\/www.profartspla.site\/wordpress\/wp-content\/uploads\/2026\/03\/bac2027.jpg?resize=150%2C111&amp;ssl=1\" class=\"attachment-thumbnail size-thumbnail wp-post-image\" alt=\"\" style=\"max-width:38px;max-height:38px;\" \/><\/a><\/div><a class=\"wp-block-latest-posts__post-title\" href=\"https:\/\/www.profartspla.site\/wordpress\/2026\/08\/31\/epreuves-en-arts-plastiques-au-baccalaureat-session-2027\/\">Epreuves en arts plastiques au baccalaur\u00e9at, session 2027<\/a><time datetime=\"2026-08-31T18:46:06+02:00\" class=\"wp-block-latest-posts__post-date\">31 ao\u00fbt 2026<\/time><\/li>\n<li><div class=\"wp-block-latest-posts__featured-image alignleft\"><a href=\"https:\/\/www.profartspla.site\/wordpress\/2026\/08\/03\/carnets-dartistes\/\" aria-label=\"Carnets d&rsquo;artistes\"><img loading=\"lazy\" decoding=\"async\" width=\"150\" height=\"127\" src=\"https:\/\/i0.wp.com\/www.profartspla.site\/wordpress\/wp-content\/uploads\/2026\/08\/vign_carnets.jpg?resize=150%2C127&amp;ssl=1\" class=\"attachment-thumbnail size-thumbnail wp-post-image\" alt=\"\" style=\"max-width:38px;max-height:38px;\" \/><\/a><\/div><a class=\"wp-block-latest-posts__post-title\" href=\"https:\/\/www.profartspla.site\/wordpress\/2026\/08\/03\/carnets-dartistes\/\">Carnets d&rsquo;artistes<\/a><time datetime=\"2026-08-03T16:36:34+02:00\" class=\"wp-block-latest-posts__post-date\">3 ao\u00fbt 2026<\/time><\/li>\n<li><div class=\"wp-block-latest-posts__featured-image alignleft\"><a href=\"https:\/\/www.profartspla.site\/wordpress\/2026\/06\/25\/theme-au-baccalaureat-session-2027-doc_augm_reel\/\" aria-label=\"Documenter ou augmenter le r\u00e9el : th\u00e8me au baccalaur\u00e9at, session 2027\"><img loading=\"lazy\" decoding=\"async\" width=\"150\" height=\"150\" src=\"https:\/\/i0.wp.com\/www.profartspla.site\/wordpress\/wp-content\/uploads\/2026\/06\/vernet_gursky_vignette-e1782400223367.jpg?resize=150%2C121&amp;ssl=1\" class=\"attachment-thumbnail size-thumbnail wp-post-image\" alt=\"\" style=\"max-width:38px;max-height:38px;\" \/><\/a><\/div><a class=\"wp-block-latest-posts__post-title\" href=\"https:\/\/www.profartspla.site\/wordpress\/2026\/06\/25\/theme-au-baccalaureat-session-2027-doc_augm_reel\/\">Documenter ou augmenter le r\u00e9el : th\u00e8me au baccalaur\u00e9at, session 2027<\/a><time datetime=\"2026-06-25T17:25:56+02:00\" class=\"wp-block-latest-posts__post-date\">25 juin 2026<\/time><\/li>\n<li><div class=\"wp-block-latest-posts__featured-image alignleft\"><a href=\"https:\/\/www.profartspla.site\/wordpress\/2026\/06\/23\/programme-des-themes-oeuvres-et-axes-de-programmes-de-reference-pour-le-baccalaureat-session-2027\/\" aria-label=\"Programme des th\u00e8mes, oeuvres et axes de programmes de r\u00e9f\u00e9rence pour le baccalaur\u00e9at, session 2027\"><img loading=\"lazy\" decoding=\"async\" width=\"150\" height=\"124\" src=\"https:\/\/i0.wp.com\/www.profartspla.site\/wordpress\/wp-content\/uploads\/2026\/06\/4oeuvres_prog2027_vignette.png.jpg?resize=150%2C124&amp;ssl=1\" class=\"attachment-thumbnail size-thumbnail wp-post-image\" alt=\"\" style=\"max-width:38px;max-height:38px;\" \/><\/a><\/div><a class=\"wp-block-latest-posts__post-title\" href=\"https:\/\/www.profartspla.site\/wordpress\/2026\/06\/23\/programme-des-themes-oeuvres-et-axes-de-programmes-de-reference-pour-le-baccalaureat-session-2027\/\">Programme des th\u00e8mes, oeuvres et axes de programmes de r\u00e9f\u00e9rence pour le baccalaur\u00e9at, session 2027<\/a><time datetime=\"2026-06-23T17:05:15+02:00\" class=\"wp-block-latest-posts__post-date\">23 juin 2026<\/time><\/li>\n<li><div class=\"wp-block-latest-posts__featured-image alignleft\"><a href=\"https:\/\/www.profartspla.site\/wordpress\/2026\/06\/23\/joseph-vernet-2027\/\" aria-label=\"Pr\u00e9sentation des \u0153uvres, th\u00e8mes, et questions de r\u00e9f\u00e9rence au programme du baccalaur\u00e9at : Joseph Vernet, La ville et la rade de Toulon, BAC 2027\"><img loading=\"lazy\" decoding=\"async\" width=\"150\" height=\"150\" src=\"https:\/\/i0.wp.com\/www.profartspla.site\/wordpress\/wp-content\/uploads\/2024\/06\/portrait-vernet-e1719164272813.png?resize=150%2C119&amp;ssl=1\" class=\"attachment-thumbnail size-thumbnail wp-post-image\" alt=\"\" style=\"max-width:38px;max-height:38px;\" \/><\/a><\/div><a class=\"wp-block-latest-posts__post-title\" href=\"https:\/\/www.profartspla.site\/wordpress\/2026\/06\/23\/joseph-vernet-2027\/\">Pr\u00e9sentation des \u0153uvres, th\u00e8mes, et questions de r\u00e9f\u00e9rence au programme du baccalaur\u00e9at : Joseph Vernet, La ville et la rade de Toulon, BAC 2027<\/a><time datetime=\"2026-06-23T16:55:44+02:00\" class=\"wp-block-latest-posts__post-date\">23 juin 2026<\/time><\/li>\n<li><div class=\"wp-block-latest-posts__featured-image alignleft\"><a href=\"https:\/\/www.profartspla.site\/wordpress\/2026\/06\/23\/andreas-gursky-2027\/\" aria-label=\"Pr\u00e9sentation des \u0153uvres, th\u00e8mes, et questions de r\u00e9f\u00e9rence au programme du baccalaur\u00e9at : Andreas Gursky, 99 Cent &#8211; BAC 2027\"><img loading=\"lazy\" decoding=\"async\" width=\"150\" height=\"150\" src=\"https:\/\/i0.wp.com\/www.profartspla.site\/wordpress\/wp-content\/uploads\/2024\/05\/gursky_portrait-e1716400402451.jpg?resize=150%2C113&amp;ssl=1\" class=\"attachment-thumbnail size-thumbnail wp-post-image\" alt=\"\" style=\"max-width:38px;max-height:38px;\" \/><\/a><\/div><a class=\"wp-block-latest-posts__post-title\" href=\"https:\/\/www.profartspla.site\/wordpress\/2026\/06\/23\/andreas-gursky-2027\/\">Pr\u00e9sentation des \u0153uvres, th\u00e8mes, et questions de r\u00e9f\u00e9rence au programme du baccalaur\u00e9at : Andreas Gursky, 99 Cent &#8211; BAC 2027<\/a><time datetime=\"2026-06-23T15:44:33+02:00\" class=\"wp-block-latest-posts__post-date\">23 juin 2026<\/time><\/li>\n<li><div class=\"wp-block-latest-posts__featured-image alignleft\"><a href=\"https:\/\/www.profartspla.site\/wordpress\/2026\/06\/21\/theme-au-baccalaureat-session-2027\/\" aria-label=\"Exp\u00e9rience des espaces physiques et symboliques de l\u2019\u0153uvre : th\u00e8me au baccalaur\u00e9at, session 2027\"><img loading=\"lazy\" decoding=\"async\" width=\"150\" height=\"150\" src=\"https:\/\/i0.wp.com\/www.profartspla.site\/wordpress\/wp-content\/uploads\/2026\/06\/expe.jpg?resize=150%2C150&amp;ssl=1\" class=\"attachment-thumbnail size-thumbnail wp-post-image\" alt=\"\" style=\"max-width:38px;max-height:38px;\" srcset=\"https:\/\/i0.wp.com\/www.profartspla.site\/wordpress\/wp-content\/uploads\/2026\/06\/expe.jpg?resize=150%2C150&amp;ssl=1 150w, https:\/\/i0.wp.com\/www.profartspla.site\/wordpress\/wp-content\/uploads\/2026\/06\/expe.jpg?zoom=2&amp;resize=150%2C150&amp;ssl=1 300w\" sizes=\"auto, (max-width: 150px) 100vw, 150px\" \/><\/a><\/div><a class=\"wp-block-latest-posts__post-title\" href=\"https:\/\/www.profartspla.site\/wordpress\/2026\/06\/21\/theme-au-baccalaureat-session-2027\/\">Exp\u00e9rience des espaces physiques et symboliques de l\u2019\u0153uvre : th\u00e8me au baccalaur\u00e9at, session 2027<\/a><time datetime=\"2026-06-21T13:47:57+02:00\" class=\"wp-block-latest-posts__post-date\">21 juin 2026<\/time><\/li>\n<li><div class=\"wp-block-latest-posts__featured-image alignleft\"><a href=\"https:\/\/www.profartspla.site\/wordpress\/2026\/06\/14\/corpus-a-compter-de-la-rentree-scolaire-2026-pour-le-baccalaureat-session-2027\/\" aria-label=\"Corpus d&rsquo;oeuvres et axes de programme \u00e0 compter de la rentr\u00e9e scolaire 2026 pour le baccalaur\u00e9at session 2027\"><img loading=\"lazy\" decoding=\"async\" width=\"150\" height=\"111\" src=\"https:\/\/i0.wp.com\/www.profartspla.site\/wordpress\/wp-content\/uploads\/2026\/03\/bac2027.jpg?resize=150%2C111&amp;ssl=1\" class=\"attachment-thumbnail size-thumbnail wp-post-image\" alt=\"\" style=\"max-width:38px;max-height:38px;\" \/><\/a><\/div><a class=\"wp-block-latest-posts__post-title\" href=\"https:\/\/www.profartspla.site\/wordpress\/2026\/06\/14\/corpus-a-compter-de-la-rentree-scolaire-2026-pour-le-baccalaureat-session-2027\/\">Corpus d&rsquo;oeuvres et axes de programme \u00e0 compter de la rentr\u00e9e scolaire 2026 pour le baccalaur\u00e9at session 2027<\/a><time datetime=\"2026-06-14T19:33:08+02:00\" class=\"wp-block-latest-posts__post-date\">14 juin 2026<\/time><\/li>\n<li><div class=\"wp-block-latest-posts__featured-image alignleft\"><a href=\"https:\/\/www.profartspla.site\/wordpress\/2026\/06\/14\/maman-de-louise-bourgeois-oeuvre-au-baccalaureat-session-2027-2\/\" aria-label=\"Maman de Louise BOURGEOIS, oeuvre au baccalaur\u00e9at, session 2027\"><img loading=\"lazy\" decoding=\"async\" width=\"150\" height=\"150\" src=\"https:\/\/i0.wp.com\/www.profartspla.site\/wordpress\/wp-content\/uploads\/2026\/06\/louise_bourgeois2-e1781429421990.jpg?resize=150%2C150&amp;ssl=1\" class=\"attachment-thumbnail size-thumbnail wp-post-image\" alt=\"\" style=\"max-width:38px;max-height:38px;\" \/><\/a><\/div><a class=\"wp-block-latest-posts__post-title\" href=\"https:\/\/www.profartspla.site\/wordpress\/2026\/06\/14\/maman-de-louise-bourgeois-oeuvre-au-baccalaureat-session-2027-2\/\">Maman de Louise BOURGEOIS, oeuvre au baccalaur\u00e9at, session 2027<\/a><time datetime=\"2026-06-14T11:29:50+02:00\" class=\"wp-block-latest-posts__post-date\">14 juin 2026<\/time><\/li>\n<\/ul><\/div>\n\n\n\n<div class=\"wp-block-column has-black-color has-text-color has-background has-link-color wp-elements-3 is-layout-flow wp-block-column-is-layout-flow\" style=\"background-color:#ddeffa\">\n<p class=\"has-text-align-center wp-block-paragraph\"><strong>Les artistes au programme<\/strong><\/p>\n\n\n<ul class=\"wp-block-latest-posts__list has-dates aligncenter wp-block-latest-posts is-layout-flow wp-block-latest-posts-is-layout-flow\"><li><div class=\"wp-block-latest-posts__featured-image alignleft\"><a href=\"https:\/\/www.profartspla.site\/wordpress\/2026\/08\/31\/epreuves-en-arts-plastiques-au-baccalaureat-session-2027\/\" aria-label=\"Epreuves en arts plastiques au baccalaur\u00e9at, session 2027\"><img loading=\"lazy\" decoding=\"async\" width=\"150\" height=\"111\" src=\"https:\/\/i0.wp.com\/www.profartspla.site\/wordpress\/wp-content\/uploads\/2026\/03\/bac2027.jpg?resize=150%2C111&amp;ssl=1\" class=\"attachment-thumbnail size-thumbnail wp-post-image\" alt=\"\" style=\"max-width:38px;max-height:38px;\" \/><\/a><\/div><a class=\"wp-block-latest-posts__post-title\" href=\"https:\/\/www.profartspla.site\/wordpress\/2026\/08\/31\/epreuves-en-arts-plastiques-au-baccalaureat-session-2027\/\">Epreuves en arts plastiques au baccalaur\u00e9at, session 2027<\/a><time datetime=\"2026-08-31T18:46:06+02:00\" class=\"wp-block-latest-posts__post-date\">31 ao\u00fbt 2026<\/time><\/li>\n<li><div class=\"wp-block-latest-posts__featured-image alignleft\"><a href=\"https:\/\/www.profartspla.site\/wordpress\/2026\/07\/18\/le-musee-guggenheim-de-bilbao-en-espagne-par-frank-gehry\/\" aria-label=\"Le Mus\u00e9e Guggenheim de Bilbao, en Espagne, par Frank GEHRY\"><img loading=\"lazy\" decoding=\"async\" width=\"150\" height=\"96\" src=\"https:\/\/i0.wp.com\/www.profartspla.site\/wordpress\/wp-content\/uploads\/2026\/07\/vign_musee_guggeheim_bilbao.png?resize=150%2C96&amp;ssl=1\" class=\"attachment-thumbnail size-thumbnail wp-post-image\" alt=\"\" style=\"max-width:38px;max-height:38px;\" \/><\/a><\/div><a class=\"wp-block-latest-posts__post-title\" href=\"https:\/\/www.profartspla.site\/wordpress\/2026\/07\/18\/le-musee-guggenheim-de-bilbao-en-espagne-par-frank-gehry\/\">Le Mus\u00e9e Guggenheim de Bilbao, en Espagne, par Frank GEHRY<\/a><time datetime=\"2026-07-18T18:31:24+02:00\" class=\"wp-block-latest-posts__post-date\">18 juillet 2026<\/time><\/li>\n<li><div class=\"wp-block-latest-posts__featured-image alignleft\"><a href=\"https:\/\/www.profartspla.site\/wordpress\/2026\/06\/25\/theme-au-baccalaureat-session-2027-doc_augm_reel\/\" aria-label=\"Documenter ou augmenter le r\u00e9el : th\u00e8me au baccalaur\u00e9at, session 2027\"><img loading=\"lazy\" decoding=\"async\" width=\"150\" height=\"150\" src=\"https:\/\/i0.wp.com\/www.profartspla.site\/wordpress\/wp-content\/uploads\/2026\/06\/vernet_gursky_vignette-e1782400223367.jpg?resize=150%2C121&amp;ssl=1\" class=\"attachment-thumbnail size-thumbnail wp-post-image\" alt=\"\" style=\"max-width:38px;max-height:38px;\" \/><\/a><\/div><a class=\"wp-block-latest-posts__post-title\" href=\"https:\/\/www.profartspla.site\/wordpress\/2026\/06\/25\/theme-au-baccalaureat-session-2027-doc_augm_reel\/\">Documenter ou augmenter le r\u00e9el : th\u00e8me au baccalaur\u00e9at, session 2027<\/a><time datetime=\"2026-06-25T17:25:56+02:00\" class=\"wp-block-latest-posts__post-date\">25 juin 2026<\/time><\/li>\n<li><div class=\"wp-block-latest-posts__featured-image alignleft\"><a href=\"https:\/\/www.profartspla.site\/wordpress\/2026\/06\/23\/programme-des-themes-oeuvres-et-axes-de-programmes-de-reference-pour-le-baccalaureat-session-2027\/\" aria-label=\"Programme des th\u00e8mes, oeuvres et axes de programmes de r\u00e9f\u00e9rence pour le baccalaur\u00e9at, session 2027\"><img loading=\"lazy\" decoding=\"async\" width=\"150\" height=\"124\" src=\"https:\/\/i0.wp.com\/www.profartspla.site\/wordpress\/wp-content\/uploads\/2026\/06\/4oeuvres_prog2027_vignette.png.jpg?resize=150%2C124&amp;ssl=1\" class=\"attachment-thumbnail size-thumbnail wp-post-image\" alt=\"\" style=\"max-width:38px;max-height:38px;\" \/><\/a><\/div><a class=\"wp-block-latest-posts__post-title\" href=\"https:\/\/www.profartspla.site\/wordpress\/2026\/06\/23\/programme-des-themes-oeuvres-et-axes-de-programmes-de-reference-pour-le-baccalaureat-session-2027\/\">Programme des th\u00e8mes, oeuvres et axes de programmes de r\u00e9f\u00e9rence pour le baccalaur\u00e9at, session 2027<\/a><time datetime=\"2026-06-23T17:05:15+02:00\" class=\"wp-block-latest-posts__post-date\">23 juin 2026<\/time><\/li>\n<li><div class=\"wp-block-latest-posts__featured-image alignleft\"><a href=\"https:\/\/www.profartspla.site\/wordpress\/2026\/06\/23\/andreas-gursky-2027\/\" aria-label=\"Pr\u00e9sentation des \u0153uvres, th\u00e8mes, et questions de r\u00e9f\u00e9rence au programme du baccalaur\u00e9at : Andreas Gursky, 99 Cent &#8211; BAC 2027\"><img loading=\"lazy\" decoding=\"async\" width=\"150\" height=\"150\" src=\"https:\/\/i0.wp.com\/www.profartspla.site\/wordpress\/wp-content\/uploads\/2024\/05\/gursky_portrait-e1716400402451.jpg?resize=150%2C113&amp;ssl=1\" class=\"attachment-thumbnail size-thumbnail wp-post-image\" alt=\"\" style=\"max-width:38px;max-height:38px;\" \/><\/a><\/div><a class=\"wp-block-latest-posts__post-title\" href=\"https:\/\/www.profartspla.site\/wordpress\/2026\/06\/23\/andreas-gursky-2027\/\">Pr\u00e9sentation des \u0153uvres, th\u00e8mes, et questions de r\u00e9f\u00e9rence au programme du baccalaur\u00e9at : Andreas Gursky, 99 Cent &#8211; BAC 2027<\/a><time datetime=\"2026-06-23T15:44:33+02:00\" class=\"wp-block-latest-posts__post-date\">23 juin 2026<\/time><\/li>\n<li><div class=\"wp-block-latest-posts__featured-image alignleft\"><a href=\"https:\/\/www.profartspla.site\/wordpress\/2026\/06\/21\/theme-au-baccalaureat-session-2027\/\" aria-label=\"Exp\u00e9rience des espaces physiques et symboliques de l\u2019\u0153uvre : th\u00e8me au baccalaur\u00e9at, session 2027\"><img loading=\"lazy\" decoding=\"async\" width=\"150\" height=\"150\" src=\"https:\/\/i0.wp.com\/www.profartspla.site\/wordpress\/wp-content\/uploads\/2026\/06\/expe.jpg?resize=150%2C150&amp;ssl=1\" class=\"attachment-thumbnail size-thumbnail wp-post-image\" alt=\"\" style=\"max-width:38px;max-height:38px;\" srcset=\"https:\/\/i0.wp.com\/www.profartspla.site\/wordpress\/wp-content\/uploads\/2026\/06\/expe.jpg?resize=150%2C150&amp;ssl=1 150w, https:\/\/i0.wp.com\/www.profartspla.site\/wordpress\/wp-content\/uploads\/2026\/06\/expe.jpg?zoom=2&amp;resize=150%2C150&amp;ssl=1 300w\" sizes=\"auto, (max-width: 150px) 100vw, 150px\" \/><\/a><\/div><a class=\"wp-block-latest-posts__post-title\" href=\"https:\/\/www.profartspla.site\/wordpress\/2026\/06\/21\/theme-au-baccalaureat-session-2027\/\">Exp\u00e9rience des espaces physiques et symboliques de l\u2019\u0153uvre : th\u00e8me au baccalaur\u00e9at, session 2027<\/a><time datetime=\"2026-06-21T13:47:57+02:00\" class=\"wp-block-latest-posts__post-date\">21 juin 2026<\/time><\/li>\n<li><div class=\"wp-block-latest-posts__featured-image alignleft\"><a href=\"https:\/\/www.profartspla.site\/wordpress\/2026\/06\/14\/corpus-a-compter-de-la-rentree-scolaire-2026-pour-le-baccalaureat-session-2027\/\" aria-label=\"Corpus d&rsquo;oeuvres et axes de programme \u00e0 compter de la rentr\u00e9e scolaire 2026 pour le baccalaur\u00e9at session 2027\"><img loading=\"lazy\" decoding=\"async\" width=\"150\" height=\"111\" src=\"https:\/\/i0.wp.com\/www.profartspla.site\/wordpress\/wp-content\/uploads\/2026\/03\/bac2027.jpg?resize=150%2C111&amp;ssl=1\" class=\"attachment-thumbnail size-thumbnail wp-post-image\" alt=\"\" style=\"max-width:38px;max-height:38px;\" \/><\/a><\/div><a class=\"wp-block-latest-posts__post-title\" href=\"https:\/\/www.profartspla.site\/wordpress\/2026\/06\/14\/corpus-a-compter-de-la-rentree-scolaire-2026-pour-le-baccalaureat-session-2027\/\">Corpus d&rsquo;oeuvres et axes de programme \u00e0 compter de la rentr\u00e9e scolaire 2026 pour le baccalaur\u00e9at session 2027<\/a><time datetime=\"2026-06-14T19:33:08+02:00\" class=\"wp-block-latest-posts__post-date\">14 juin 2026<\/time><\/li>\n<li><div class=\"wp-block-latest-posts__featured-image alignleft\"><a href=\"https:\/\/www.profartspla.site\/wordpress\/2026\/06\/14\/maman-de-louise-bourgeois-oeuvre-au-baccalaureat-session-2027-2\/\" aria-label=\"Maman de Louise BOURGEOIS, oeuvre au baccalaur\u00e9at, session 2027\"><img loading=\"lazy\" decoding=\"async\" width=\"150\" height=\"150\" src=\"https:\/\/i0.wp.com\/www.profartspla.site\/wordpress\/wp-content\/uploads\/2026\/06\/louise_bourgeois2-e1781429421990.jpg?resize=150%2C150&amp;ssl=1\" class=\"attachment-thumbnail size-thumbnail wp-post-image\" alt=\"\" style=\"max-width:38px;max-height:38px;\" \/><\/a><\/div><a class=\"wp-block-latest-posts__post-title\" href=\"https:\/\/www.profartspla.site\/wordpress\/2026\/06\/14\/maman-de-louise-bourgeois-oeuvre-au-baccalaureat-session-2027-2\/\">Maman de Louise BOURGEOIS, oeuvre au baccalaur\u00e9at, session 2027<\/a><time datetime=\"2026-06-14T11:29:50+02:00\" class=\"wp-block-latest-posts__post-date\">14 juin 2026<\/time><\/li>\n<\/ul><\/div>\n\n\n\n<div class=\"wp-block-column has-black-color has-text-color has-background has-link-color wp-elements-4 is-layout-flow wp-block-column-is-layout-flow\" style=\"background-color:#fdd4b6\">\n<p class=\"has-text-align-center wp-block-paragraph\"><strong>Le GRAND ORAL<\/strong><\/p>\n\n\n<ul class=\"wp-block-latest-posts__list has-dates aligncenter wp-block-latest-posts is-layout-flow wp-block-latest-posts-is-layout-flow\"><\/ul><\/div>\n<\/div>\n","protected":false},"excerpt":{"rendered":"<p>Les COURS : culture et pratique La METHODO Les artistes au programme Le GRAND ORAL<\/p>\n","protected":false},"author":1,"featured_media":20600,"parent":0,"menu_order":0,"comment_status":"closed","ping_status":"closed","template":"","meta":{"footnotes":""},"class_list":["post-30203","page","type-page","status-publish","has-post-thumbnail","hentry"],"jetpack_sharing_enabled":true,"_links":{"self":[{"href":"https:\/\/www.profartspla.site\/wordpress\/wp-json\/wp\/v2\/pages\/30203","targetHints":{"allow":["GET"]}}],"collection":[{"href":"https:\/\/www.profartspla.site\/wordpress\/wp-json\/wp\/v2\/pages"}],"about":[{"href":"https:\/\/www.profartspla.site\/wordpress\/wp-json\/wp\/v2\/types\/page"}],"author":[{"embeddable":true,"href":"https:\/\/www.profartspla.site\/wordpress\/wp-json\/wp\/v2\/users\/1"}],"replies":[{"embeddable":true,"href":"https:\/\/www.profartspla.site\/wordpress\/wp-json\/wp\/v2\/comments?post=30203"}],"version-history":[{"count":2,"href":"https:\/\/www.profartspla.site\/wordpress\/wp-json\/wp\/v2\/pages\/30203\/revisions"}],"predecessor-version":[{"id":30213,"href":"https:\/\/www.profartspla.site\/wordpress\/wp-json\/wp\/v2\/pages\/30203\/revisions\/30213"}],"wp:featuredmedia":[{"embeddable":true,"href":"https:\/\/www.profartspla.site\/wordpress\/wp-json\/wp\/v2\/media\/20600"}],"wp:attachment":[{"href":"https:\/\/www.profartspla.site\/wordpress\/wp-json\/wp\/v2\/media?parent=30203"}],"curies":[{"name":"wp","href":"https:\/\/api.w.org\/{rel}","templated":true}]}}